{"id":4884,"date":"2020-09-22T10:33:11","date_gmt":"2020-09-22T08:33:11","guid":{"rendered":"https:\/\/triana.salesianos.edu\/parroquia\/?page_id=4884"},"modified":"2025-06-17T10:43:24","modified_gmt":"2025-06-17T08:43:24","slug":"nuestro-proyecto-2","status":"publish","type":"page","link":"https:\/\/triana.salesianos.edu\/parroquia\/nuestro-proyecto-2\/","title":{"rendered":"Nuestro proyecto"},"content":{"rendered":"<div id=\"fb-root\"><\/div>\n<p>[et_pb_section fb_built=\u00bb1&#8243; fullwidth=\u00bbon\u00bb _builder_version=\u00bb4.16&#8243; global_colors_info=\u00bb{}\u00bb][et_pb_fullwidth_header title=\u00bbNuestro proyecto\u00bb module_class=\u00bbpagina-imagen-cabecera\u00bb _builder_version=\u00bb4.16&#8243; title_text_color=\u00bb#ffffff\u00bb title_font_size=\u00bb40px\u00bb background_color=\u00bbrgba(255, 255, 255, 0)\u00bb background_image=\u00bbhttps:\/\/triana.salesianos.edu\/parroquia\/wp-content\/uploads\/sites\/6\/2017\/09\/fondoDefectoContenido.png\u00bb background_layout=\u00bblight\u00bb global_colors_info=\u00bb{}\u00bb button_one_text_size__hover_enabled=\u00bboff\u00bb button_one_text_size__hover=\u00bbnull\u00bb button_two_text_size__hover_enabled=\u00bboff\u00bb button_two_text_size__hover=\u00bbnull\u00bb button_one_text_color__hover_enabled=\u00bboff\u00bb button_one_text_color__hover=\u00bbnull\u00bb button_two_text_color__hover_enabled=\u00bboff\u00bb button_two_text_color__hover=\u00bbnull\u00bb button_one_border_width__hover_enabled=\u00bboff\u00bb button_one_border_width__hover=\u00bbnull\u00bb button_two_border_width__hover_enabled=\u00bboff\u00bb button_two_border_width__hover=\u00bbnull\u00bb button_one_border_color__hover_enabled=\u00bboff\u00bb button_one_border_color__hover=\u00bbnull\u00bb button_two_border_color__hover_enabled=\u00bboff\u00bb button_two_border_color__hover=\u00bbnull\u00bb button_one_border_radius__hover_enabled=\u00bboff\u00bb button_one_border_radius__hover=\u00bbnull\u00bb button_two_border_radius__hover_enabled=\u00bboff\u00bb button_two_border_radius__hover=\u00bbnull\u00bb button_one_letter_spacing__hover_enabled=\u00bboff\u00bb button_one_letter_spacing__hover=\u00bbnull\u00bb button_two_letter_spacing__hover_enabled=\u00bboff\u00bb button_two_letter_spacing__hover=\u00bbnull\u00bb button_one_bg_color__hover_enabled=\u00bboff\u00bb button_one_bg_color__hover=\u00bbnull\u00bb button_two_bg_color__hover_enabled=\u00bboff\u00bb button_two_bg_color__hover=\u00bbnull\u00bb][\/et_pb_fullwidth_header][\/et_pb_section][et_pb_section fb_built=\u00bb1&#8243; admin_label=\u00bbsection\u00bb _builder_version=\u00bb4.16&#8243; global_colors_info=\u00bb{}\u00bb][et_pb_row _builder_version=\u00bb4.16&#8243; background_size=\u00bbinitial\u00bb background_position=\u00bbtop_left\u00bb background_repeat=\u00bbrepeat\u00bb global_colors_info=\u00bb{}\u00bb][et_pb_column type=\u00bb4_4&#8243; _builder_version=\u00bb4.16&#8243; custom_padding=\u00bb|||\u00bb global_colors_info=\u00bb{}\u00bb custom_padding__hover=\u00bb|||\u00bb][et_pb_testimonial _builder_version=\u00bb4.16&#8243; z_index_tablet=\u00bb500&#8243; author_text_shadow_horizontal_length_tablet=\u00bb0px\u00bb author_text_shadow_vertical_length_tablet=\u00bb0px\u00bb author_text_shadow_blur_strength_tablet=\u00bb1px\u00bb position_text_shadow_horizontal_length_tablet=\u00bb0px\u00bb position_text_shadow_vertical_length_tablet=\u00bb0px\u00bb position_text_shadow_blur_strength_tablet=\u00bb1px\u00bb company_text_shadow_horizontal_length_tablet=\u00bb0px\u00bb company_text_shadow_vertical_length_tablet=\u00bb0px\u00bb company_text_shadow_blur_strength_tablet=\u00bb1px\u00bb body_link_text_shadow_horizontal_length_tablet=\u00bb0px\u00bb body_link_text_shadow_vertical_length_tablet=\u00bb0px\u00bb body_link_text_shadow_blur_strength_tablet=\u00bb1px\u00bb body_ul_text_shadow_horizontal_length_tablet=\u00bb0px\u00bb body_ul_text_shadow_vertical_length_tablet=\u00bb0px\u00bb body_ul_text_shadow_blur_strength_tablet=\u00bb1px\u00bb body_ol_text_shadow_horizontal_length_tablet=\u00bb0px\u00bb body_ol_text_shadow_vertical_length_tablet=\u00bb0px\u00bb body_ol_text_shadow_blur_strength_tablet=\u00bb1px\u00bb body_quote_text_shadow_horizontal_length_tablet=\u00bb0px\u00bb body_quote_text_shadow_vertical_length_tablet=\u00bb0px\u00bb body_quote_text_shadow_blur_strength_tablet=\u00bb1px\u00bb box_shadow_horizontal_tablet=\u00bb0px\u00bb box_shadow_vertical_tablet=\u00bb0px\u00bb box_shadow_blur_tablet=\u00bb40px\u00bb box_shadow_spread_tablet=\u00bb0px\u00bb box_shadow_horizontal_image_tablet=\u00bb0px\u00bb box_shadow_vertical_image_tablet=\u00bb0px\u00bb box_shadow_blur_image_tablet=\u00bb40px\u00bb box_shadow_spread_image_tablet=\u00bb0px\u00bb text_shadow_horizontal_length_tablet=\u00bb0px\u00bb text_shadow_vertical_length_tablet=\u00bb0px\u00bb text_shadow_blur_strength_tablet=\u00bb1px\u00bb global_colors_info=\u00bb{}\u00bb]<\/p>\n<p class=\"p2\">\u201cDetr\u00e1s de un plan pastoral se puede ocultar la tentaci\u00f3n del \u00e9xito, la impaciencia y hasta el orgullo de los grandes n\u00fameros. No olvidemos las par\u00e1bolas de la levadura o del grano de mostaza, que nos revelan los procesos propios del Reino de los Cielos\u201d (Orientaciones Pastorales Diocesanas- 2016-2021, p\u00e1g. 18).<\/p>\n<p>[\/et_pb_testimonial][et_pb_text admin_label=\u00bbContenido (Texto)\u00bb _builder_version=\u00bb4.18.0&#8243; background_size=\u00bbinitial\u00bb background_position=\u00bbtop_left\u00bb background_repeat=\u00bbrepeat\u00bb text_orientation=\u00bbjustified\u00bb z_index_tablet=\u00bb500&#8243; text_text_shadow_horizontal_length_tablet=\u00bb0px\u00bb text_text_shadow_vertical_length_tablet=\u00bb0px\u00bb text_text_shadow_blur_strength_tablet=\u00bb1px\u00bb link_text_shadow_horizontal_length_tablet=\u00bb0px\u00bb link_text_shadow_vertical_length_tablet=\u00bb0px\u00bb link_text_shadow_blur_strength_tablet=\u00bb1px\u00bb ul_text_shadow_horizontal_length_tablet=\u00bb0px\u00bb ul_text_shadow_vertical_length_tablet=\u00bb0px\u00bb ul_text_shadow_blur_strength_tablet=\u00bb1px\u00bb ol_text_shadow_horizontal_length_tablet=\u00bb0px\u00bb ol_text_shadow_vertical_length_tablet=\u00bb0px\u00bb ol_text_shadow_blur_strength_tablet=\u00bb1px\u00bb quote_text_shadow_horizontal_length_tablet=\u00bb0px\u00bb quote_text_shadow_vertical_length_tablet=\u00bb0px\u00bb quote_text_shadow_blur_strength_tablet=\u00bb1px\u00bb header_text_shadow_horizontal_length_tablet=\u00bb0px\u00bb header_text_shadow_vertical_length_tablet=\u00bb0px\u00bb header_text_shadow_blur_strength_tablet=\u00bb1px\u00bb header_2_text_shadow_horizontal_length_tablet=\u00bb0px\u00bb header_2_text_shadow_vertical_length_tablet=\u00bb0px\u00bb header_2_text_shadow_blur_strength_tablet=\u00bb1px\u00bb header_3_text_shadow_horizontal_length_tablet=\u00bb0px\u00bb header_3_text_shadow_vertical_length_tablet=\u00bb0px\u00bb header_3_text_shadow_blur_strength_tablet=\u00bb1px\u00bb header_4_text_shadow_horizontal_length_tablet=\u00bb0px\u00bb header_4_text_shadow_vertical_length_tablet=\u00bb0px\u00bb header_4_text_shadow_blur_strength_tablet=\u00bb1px\u00bb header_5_text_shadow_horizontal_length_tablet=\u00bb0px\u00bb header_5_text_shadow_vertical_length_tablet=\u00bb0px\u00bb header_5_text_shadow_blur_strength_tablet=\u00bb1px\u00bb header_6_text_shadow_horizontal_length_tablet=\u00bb0px\u00bb header_6_text_shadow_vertical_length_tablet=\u00bb0px\u00bb header_6_text_shadow_blur_strength_tablet=\u00bb1px\u00bb box_shadow_horizontal_tablet=\u00bb0px\u00bb box_shadow_vertical_tablet=\u00bb0px\u00bb box_shadow_blur_tablet=\u00bb40px\u00bb box_shadow_spread_tablet=\u00bb0px\u00bb global_colors_info=\u00bb{}\u00bb]<\/p>\n<p>Este es nuestro Proyecto para el curso 2022 &#8211; 2023:<\/p>\n<p>[\/et_pb_text][\/et_pb_column][\/et_pb_row][et_pb_row column_structure=\u00bb1_3,1_3,1_3&#8243; _builder_version=\u00bb4.16&#8243; global_colors_info=\u00bb{}\u00bb][et_pb_column type=\u00bb1_3&#8243; _builder_version=\u00bb4.16&#8243; global_colors_info=\u00bb{}\u00bb][\/et_pb_column][et_pb_column type=\u00bb1_3&#8243; _builder_version=\u00bb4.16&#8243; global_colors_info=\u00bb{}\u00bb][et_pb_image src=\u00bbhttps:\/\/triana.salesianos.edu\/parroquia\/wp-content\/uploads\/sites\/6\/2025\/06\/Captura-de-pantalla-2025-06-17-104226.png\u00bb title_text=\u00bbCaptura de pantalla 2025-06-17 104226&#8243; url=\u00bbhttps:\/\/triana.salesianos.edu\/wp-content\/uploads\/2025\/06\/pap202425parroquiasjb.docx\u00bb url_new_window=\u00bbon\u00bb _builder_version=\u00bb4.27.4&#8243; hover_enabled=\u00bb0&#8243; global_colors_info=\u00bb{}\u00bb sticky_enabled=\u00bb0&#8243;][\/et_pb_image][\/et_pb_column][et_pb_column type=\u00bb1_3&#8243; _builder_version=\u00bb4.16&#8243; global_colors_info=\u00bb{}\u00bb][\/et_pb_column][\/et_pb_row][\/et_pb_section]<\/p>\n","protected":false},"excerpt":{"rendered":"<p>\u201cDetr\u00e1s de un plan pastoral se puede ocultar la tentaci\u00f3n del \u00e9xito, la impaciencia y hasta el orgullo de los grandes n\u00fameros. No olvidemos las par\u00e1bolas de la levadura o del grano de mostaza, que nos revelan los procesos propios del Reino de los Cielos\u201d (Orientaciones Pastorales Diocesanas- 2016-2021, p\u00e1g. 18).Este es nuestro Proyecto para [&hellip;]<\/p>\n","protected":false},"author":5,"featured_media":0,"parent":0,"menu_order":0,"comment_status":"closed","ping_status":"closed","template":"","meta":{"_et_pb_use_builder":"on","_et_pb_old_content":"","_et_gb_content_width":"","footnotes":""},"class_list":["post-4884","page","type-page","status-publish","hentry"],"yoast_head":"<!-- This site is optimized with the Yoast SEO plugin v27.4 - https:\/\/yoast.com\/product\/yoast-seo-wordpress\/ -->\n<title>Nuestro proyecto - Parroquia<\/title>\n<meta name=\"robots\" content=\"index, follow, max-snippet:-1, max-image-preview:large, max-video-preview:-1\" \/>\n<link rel=\"canonical\" href=\"https:\/\/triana.salesianos.edu\/parroquia\/nuestro-proyecto-2\/\" \/>\n<meta property=\"og:locale\" content=\"es_ES\" \/>\n<meta property=\"og:type\" content=\"article\" \/>\n<meta property=\"og:title\" content=\"Nuestro proyecto - Parroquia\" \/>\n<meta property=\"og:description\" content=\"\u201cDetr\u00e1s de un plan pastoral se puede ocultar la tentaci\u00f3n del \u00e9xito, la impaciencia y hasta el orgullo de los grandes n\u00fameros. No olvidemos las par\u00e1bolas de la levadura o del grano de mostaza, que nos revelan los procesos propios del Reino de los Cielos\u201d (Orientaciones Pastorales Diocesanas- 2016-2021, p\u00e1g. 18).Este es nuestro Proyecto para [&hellip;]\" \/>\n<meta property=\"og:url\" content=\"https:\/\/triana.salesianos.edu\/parroquia\/nuestro-proyecto-2\/\" \/>\n<meta property=\"og:site_name\" content=\"Parroquia\" \/>\n<meta property=\"article:modified_time\" content=\"2025-06-17T08:43:24+00:00\" \/>\n<meta name=\"twitter:card\" content=\"summary_large_image\" \/>\n<meta name=\"twitter:label1\" content=\"Tiempo de lectura\" \/>\n\t<meta name=\"twitter:data1\" content=\"2 minutos\" \/>\n<script type=\"application\/ld+json\" class=\"yoast-schema-graph\">{\"@context\":\"https:\\\/\\\/schema.org\",\"@graph\":[{\"@type\":\"WebPage\",\"@id\":\"https:\\\/\\\/triana.salesianos.edu\\\/parroquia\\\/nuestro-proyecto-2\\\/\",\"url\":\"https:\\\/\\\/triana.salesianos.edu\\\/parroquia\\\/nuestro-proyecto-2\\\/\",\"name\":\"Nuestro proyecto - Parroquia\",\"isPartOf\":{\"@id\":\"https:\\\/\\\/triana.salesianos.edu\\\/parroquia\\\/#website\"},\"datePublished\":\"2020-09-22T08:33:11+00:00\",\"dateModified\":\"2025-06-17T08:43:24+00:00\",\"breadcrumb\":{\"@id\":\"https:\\\/\\\/triana.salesianos.edu\\\/parroquia\\\/nuestro-proyecto-2\\\/#breadcrumb\"},\"inLanguage\":\"es\",\"potentialAction\":[{\"@type\":\"ReadAction\",\"target\":[\"https:\\\/\\\/triana.salesianos.edu\\\/parroquia\\\/nuestro-proyecto-2\\\/\"]}]},{\"@type\":\"BreadcrumbList\",\"@id\":\"https:\\\/\\\/triana.salesianos.edu\\\/parroquia\\\/nuestro-proyecto-2\\\/#breadcrumb\",\"itemListElement\":[{\"@type\":\"ListItem\",\"position\":1,\"name\":\"Portada\",\"item\":\"https:\\\/\\\/triana.salesianos.edu\\\/parroquia\\\/\"},{\"@type\":\"ListItem\",\"position\":2,\"name\":\"Nuestro proyecto\"}]},{\"@type\":\"WebSite\",\"@id\":\"https:\\\/\\\/triana.salesianos.edu\\\/parroquia\\\/#website\",\"url\":\"https:\\\/\\\/triana.salesianos.edu\\\/parroquia\\\/\",\"name\":\"Parroquia\",\"description\":\"P\u00e1gina oficial Salesianos Triana Sevilla\",\"potentialAction\":[{\"@type\":\"SearchAction\",\"target\":{\"@type\":\"EntryPoint\",\"urlTemplate\":\"https:\\\/\\\/triana.salesianos.edu\\\/parroquia\\\/?s={search_term_string}\"},\"query-input\":{\"@type\":\"PropertyValueSpecification\",\"valueRequired\":true,\"valueName\":\"search_term_string\"}}],\"inLanguage\":\"es\"}]}<\/script>\n<!-- \/ Yoast SEO plugin. -->","yoast_head_json":{"title":"Nuestro proyecto - Parroquia","robots":{"index":"index","follow":"follow","max-snippet":"max-snippet:-1","max-image-preview":"max-image-preview:large","max-video-preview":"max-video-preview:-1"},"canonical":"https:\/\/triana.salesianos.edu\/parroquia\/nuestro-proyecto-2\/","og_locale":"es_ES","og_type":"article","og_title":"Nuestro proyecto - Parroquia","og_description":"\u201cDetr\u00e1s de un plan pastoral se puede ocultar la tentaci\u00f3n del \u00e9xito, la impaciencia y hasta el orgullo de los grandes n\u00fameros. No olvidemos las par\u00e1bolas de la levadura o del grano de mostaza, que nos revelan los procesos propios del Reino de los Cielos\u201d (Orientaciones Pastorales Diocesanas- 2016-2021, p\u00e1g. 18).Este es nuestro Proyecto para [&hellip;]","og_url":"https:\/\/triana.salesianos.edu\/parroquia\/nuestro-proyecto-2\/","og_site_name":"Parroquia","article_modified_time":"2025-06-17T08:43:24+00:00","twitter_card":"summary_large_image","twitter_misc":{"Tiempo de lectura":"2 minutos"},"schema":{"@context":"https:\/\/schema.org","@graph":[{"@type":"WebPage","@id":"https:\/\/triana.salesianos.edu\/parroquia\/nuestro-proyecto-2\/","url":"https:\/\/triana.salesianos.edu\/parroquia\/nuestro-proyecto-2\/","name":"Nuestro proyecto - Parroquia","isPartOf":{"@id":"https:\/\/triana.salesianos.edu\/parroquia\/#website"},"datePublished":"2020-09-22T08:33:11+00:00","dateModified":"2025-06-17T08:43:24+00:00","breadcrumb":{"@id":"https:\/\/triana.salesianos.edu\/parroquia\/nuestro-proyecto-2\/#breadcrumb"},"inLanguage":"es","potentialAction":[{"@type":"ReadAction","target":["https:\/\/triana.salesianos.edu\/parroquia\/nuestro-proyecto-2\/"]}]},{"@type":"BreadcrumbList","@id":"https:\/\/triana.salesianos.edu\/parroquia\/nuestro-proyecto-2\/#breadcrumb","itemListElement":[{"@type":"ListItem","position":1,"name":"Portada","item":"https:\/\/triana.salesianos.edu\/parroquia\/"},{"@type":"ListItem","position":2,"name":"Nuestro proyecto"}]},{"@type":"WebSite","@id":"https:\/\/triana.salesianos.edu\/parroquia\/#website","url":"https:\/\/triana.salesianos.edu\/parroquia\/","name":"Parroquia","description":"P\u00e1gina oficial Salesianos Triana Sevilla","potentialAction":[{"@type":"SearchAction","target":{"@type":"EntryPoint","urlTemplate":"https:\/\/triana.salesianos.edu\/parroquia\/?s={search_term_string}"},"query-input":{"@type":"PropertyValueSpecification","valueRequired":true,"valueName":"search_term_string"}}],"inLanguage":"es"}]}},"_links":{"self":[{"href":"https:\/\/triana.salesianos.edu\/parroquia\/wp-json\/wp\/v2\/pages\/4884","targetHints":{"allow":["GET"]}}],"collection":[{"href":"https:\/\/triana.salesianos.edu\/parroquia\/wp-json\/wp\/v2\/pages"}],"about":[{"href":"https:\/\/triana.salesianos.edu\/parroquia\/wp-json\/wp\/v2\/types\/page"}],"author":[{"embeddable":true,"href":"https:\/\/triana.salesianos.edu\/parroquia\/wp-json\/wp\/v2\/users\/5"}],"replies":[{"embeddable":true,"href":"https:\/\/triana.salesianos.edu\/parroquia\/wp-json\/wp\/v2\/comments?post=4884"}],"version-history":[{"count":13,"href":"https:\/\/triana.salesianos.edu\/parroquia\/wp-json\/wp\/v2\/pages\/4884\/revisions"}],"predecessor-version":[{"id":5758,"href":"https:\/\/triana.salesianos.edu\/parroquia\/wp-json\/wp\/v2\/pages\/4884\/revisions\/5758"}],"wp:attachment":[{"href":"https:\/\/triana.salesianos.edu\/parroquia\/wp-json\/wp\/v2\/media?parent=4884"}],"curies":[{"name":"wp","href":"https:\/\/api.w.org\/{rel}","templated":true}]}}