{"id":8018,"date":"2018-02-13T19:01:11","date_gmt":"2018-02-13T18:01:11","guid":{"rendered":"https:\/\/triana.salesianos.edu\/colegio\/?page_id=8018"},"modified":"2026-03-17T19:59:42","modified_gmt":"2026-03-17T18:59:42","slug":"proyectos-actuales","status":"publish","type":"page","link":"https:\/\/triana.salesianos.edu\/colegio\/erasmus\/proyectos-actuales\/","title":{"rendered":"Proyectos actuales"},"content":{"rendered":"<div id=\"fb-root\"><\/div>\n<p>[et_pb_section fb_built=\u00bb1&#8243; fullwidth=\u00bbon\u00bb _builder_version=\u00bb4.16&#8243; global_colors_info=\u00bb{}\u00bb][et_pb_fullwidth_header title=\u00bbProyectos actuales\u00bb title_font_color=\u00bb#ffffff\u00bb module_class=\u00bbpagina-imagen-cabecera\u00bb _builder_version=\u00bb4.16&#8243; title_text_color=\u00bb#ffffff\u00bb title_font_size=\u00bb40px\u00bb background_color=\u00bbrgba(255, 255, 255, 0)\u00bb background_image=\u00bbhttps:\/\/inspectoria.salesianos.edu\/wp-content\/uploads\/2017\/09\/ImagenPAGINA.jpg\u00bb background_layout=\u00bblight\u00bb max_width_tablet=\u00bb50px\u00bb background_url=\u00bbhttps:\/\/alicante.salesianos.edu\/colegio\/wp-content\/uploads\/sites\/2\/2017\/05\/Captura-de-pantalla-2017-05-24-a-las-18.40.38.png\u00bb global_colors_info=\u00bb{}\u00bb button_one_text_size__hover_enabled=\u00bboff\u00bb button_one_text_size__hover=\u00bbnull\u00bb button_two_text_size__hover_enabled=\u00bboff\u00bb button_two_text_size__hover=\u00bbnull\u00bb button_one_text_color__hover_enabled=\u00bboff\u00bb button_one_text_color__hover=\u00bbnull\u00bb button_two_text_color__hover_enabled=\u00bboff\u00bb button_two_text_color__hover=\u00bbnull\u00bb button_one_border_width__hover_enabled=\u00bboff\u00bb button_one_border_width__hover=\u00bbnull\u00bb button_two_border_width__hover_enabled=\u00bboff\u00bb button_two_border_width__hover=\u00bbnull\u00bb button_one_border_color__hover_enabled=\u00bboff\u00bb button_one_border_color__hover=\u00bbnull\u00bb button_two_border_color__hover_enabled=\u00bboff\u00bb button_two_border_color__hover=\u00bbnull\u00bb button_one_border_radius__hover_enabled=\u00bboff\u00bb button_one_border_radius__hover=\u00bbnull\u00bb button_two_border_radius__hover_enabled=\u00bboff\u00bb button_two_border_radius__hover=\u00bbnull\u00bb button_one_letter_spacing__hover_enabled=\u00bboff\u00bb button_one_letter_spacing__hover=\u00bbnull\u00bb button_two_letter_spacing__hover_enabled=\u00bboff\u00bb button_two_letter_spacing__hover=\u00bbnull\u00bb button_one_bg_color__hover_enabled=\u00bboff\u00bb button_one_bg_color__hover=\u00bbnull\u00bb button_two_bg_color__hover_enabled=\u00bboff\u00bb button_two_bg_color__hover=\u00bbnull\u00bb][\/et_pb_fullwidth_header][\/et_pb_section][et_pb_section fb_built=\u00bb1&#8243; module_class=\u00bbpagina-seccion-contenido\u00bb _builder_version=\u00bb4.16&#8243; custom_padding=\u00bb0%|||\u00bb global_colors_info=\u00bb{}\u00bb][et_pb_row module_class=\u00bbpagina-texto\u00bb _builder_version=\u00bb4.16&#8243; background_size=\u00bbinitial\u00bb background_position=\u00bbtop_left\u00bb background_repeat=\u00bbrepeat\u00bb custom_margin=\u00bb25px|||\u00bb custom_padding=\u00bb25px|0px|10px|0px\u00bb global_colors_info=\u00bb{}\u00bb][et_pb_column type=\u00bb4_4&#8243; _builder_version=\u00bb4.16&#8243; custom_padding=\u00bb|||\u00bb global_colors_info=\u00bb{}\u00bb custom_padding__hover=\u00bb|||\u00bb][et_pb_text _builder_version=\u00bb4.27.4&#8243; background_size=\u00bbinitial\u00bb background_position=\u00bbtop_left\u00bb background_repeat=\u00bbrepeat\u00bb custom_margin=\u00bb0px|||\u00bb custom_padding=\u00bb0px|||\u00bb hover_enabled=\u00bb0&#8243; z_index_tablet=\u00bb500&#8243; text_text_shadow_horizontal_length_tablet=\u00bb0px\u00bb text_text_shadow_vertical_length_tablet=\u00bb0px\u00bb text_text_shadow_blur_strength_tablet=\u00bb1px\u00bb link_text_shadow_horizontal_length_tablet=\u00bb0px\u00bb link_text_shadow_vertical_length_tablet=\u00bb0px\u00bb link_text_shadow_blur_strength_tablet=\u00bb1px\u00bb ul_text_shadow_horizontal_length_tablet=\u00bb0px\u00bb ul_text_shadow_vertical_length_tablet=\u00bb0px\u00bb ul_text_shadow_blur_strength_tablet=\u00bb1px\u00bb ol_text_shadow_horizontal_length_tablet=\u00bb0px\u00bb ol_text_shadow_vertical_length_tablet=\u00bb0px\u00bb ol_text_shadow_blur_strength_tablet=\u00bb1px\u00bb quote_text_shadow_horizontal_length_tablet=\u00bb0px\u00bb quote_text_shadow_vertical_length_tablet=\u00bb0px\u00bb quote_text_shadow_blur_strength_tablet=\u00bb1px\u00bb header_text_shadow_horizontal_length_tablet=\u00bb0px\u00bb header_text_shadow_vertical_length_tablet=\u00bb0px\u00bb header_text_shadow_blur_strength_tablet=\u00bb1px\u00bb header_2_text_shadow_horizontal_length_tablet=\u00bb0px\u00bb header_2_text_shadow_vertical_length_tablet=\u00bb0px\u00bb header_2_text_shadow_blur_strength_tablet=\u00bb1px\u00bb header_3_text_shadow_horizontal_length_tablet=\u00bb0px\u00bb header_3_text_shadow_vertical_length_tablet=\u00bb0px\u00bb header_3_text_shadow_blur_strength_tablet=\u00bb1px\u00bb header_4_text_shadow_horizontal_length_tablet=\u00bb0px\u00bb header_4_text_shadow_vertical_length_tablet=\u00bb0px\u00bb header_4_text_shadow_blur_strength_tablet=\u00bb1px\u00bb header_5_text_shadow_horizontal_length_tablet=\u00bb0px\u00bb header_5_text_shadow_vertical_length_tablet=\u00bb0px\u00bb header_5_text_shadow_blur_strength_tablet=\u00bb1px\u00bb header_6_text_shadow_horizontal_length_tablet=\u00bb0px\u00bb header_6_text_shadow_vertical_length_tablet=\u00bb0px\u00bb header_6_text_shadow_blur_strength_tablet=\u00bb1px\u00bb box_shadow_horizontal_tablet=\u00bb0px\u00bb box_shadow_vertical_tablet=\u00bb0px\u00bb box_shadow_blur_tablet=\u00bb40px\u00bb box_shadow_spread_tablet=\u00bb0px\u00bb global_colors_info=\u00bb{}\u00bb sticky_enabled=\u00bb0&#8243;]<\/p>\n<p>Actualmente tenemos en marcha varios proyectos KA1 bajo el marco de la Uni\u00f3n europea.<\/p>\n<h1>KA1<\/h1>\n<p>En <strong>Educaci\u00f3n Escolar <\/strong>desde el a\u00f1o 2014 tenemos proyectos cada a\u00f1o, donde varios profesores realizar\u00e1n cursos de formaci\u00f3n y jobshadowing en diferentes pa\u00edses de Europa y realizar\u00e1n el acompa\u00f1amiento de los grupos de alumnos.<\/p>\n<p><strong>Para este curso 2025-206 <\/strong><\/p>\n<p>Realizaremos 32 movilidades de alumnos de Secundaria y Bachillerato para 3 proyectos de intercambios . Uno para 3\u00ba ESO en Estrasburgo,Francia, otro para 1\u00ba Bachillerato a Lieto, Finlandia y un tercero para 1\u00ba Bachillerato a Hyeres, Francia. y otros proyectos de buenas pr\u00e1cticas. Y 6 profesores acompa\u00f1ar\u00e1n a estos grupos, por otro lado 2 profesores realizar\u00e1n visitas de buenas pr\u00e1cticas o cursos para seguir form\u00e1ndose en pa\u00edses europeos.<\/p>\n<p>En <strong>Formaci\u00f3n Profesional <\/strong>desde 2010 tenemos cada curso proyectos para los alumnos y profesores de Grado medio y Grado superior.<\/p>\n<p>Para <em>Grado medio<\/em>, tenemos un proyecto KA121 para movilidades de alumnos y profesores para un total de 20 alumnos y 8 profesores.<\/p>\n<p>Estos proyectos consisten en la realizaci\u00f3n de pr\u00e1cticas en empresas durante un mes o 3 meses, est\u00e1 divido en dos grupos:<\/p>\n<ol>\n<li>Un total de 20 alumnos de Actividades Comerciales, Gesti\u00f3n administrativa, Telecomunicaci\u00f3n y de Instalaciones el\u00e9ctricas realizar\u00e1n parte de sus pr\u00e1cticas en Italia. Dos alumnos durante 3 meses y 18 alumnos durante un mes,<\/li>\n<\/ol>\n<ol start=\"2\">\n<li>Ocho profesores realizan visitas de observaci\u00f3n a empresas extranjeras para actualizarse t\u00e9cnicamente, a pa\u00edses como Italia, Polonia, Portugal y Alemania y hacer seguimiento de los alumnos en las empresas y realizar cursos especializados.<\/li>\n<\/ol>\n<p>Para <em>Grado superior<\/em>, los alumnos durante tres meses realizan su FCT completa en el extranjero, una media de 2 alumnos por a\u00f1o, tambi\u00e9n va dirigido a aquellos alumnos que han terminado en este curso, los reci\u00e9n titulados y quieren hacer pr\u00e1cticas que enriquezcan su CV. Nuestros destinos m\u00e1s usuales son Irlanda, Alemania, Italia y Francia.<\/p>\n<p><strong>En resumen este a\u00f1o un total de 54 alumnos, y 16 profesores<\/strong>, estar\u00e1n involucrados en proyectos europeos.<\/p>\n<h2>Objetivos para este a\u00f1o<\/h2>\n<p>En el a\u00f1o 2021 se inici\u00f3 una nueva etapa Erasmus 2021-2027 donde desde el SEPIE se nos marcaban unos objetivos para este horizonte y nos instaron a realizar un plan Erasmus . Nosotros para esta etapa nos hemos marcado los siguientes:<\/p>\n<h3><span style=\"font-weight: 400;\">Reforzar la dimensi\u00f3n europea de la ense\u00f1anza y el aprendizaje:<\/span><\/h3>\n<ul>\n<li style=\"font-weight: 400;\" aria-level=\"1\">Fomentando los valores de inclusi\u00f3n y diversidad, tolerancia y participaci\u00f3n democr\u00e1tica.<\/li>\n<li style=\"font-weight: 400;\" aria-level=\"1\">Promoviendo el conocimiento sobre el patrimonio europeo compartido y la riqueza de la diversidad.<\/li>\n<li style=\"font-weight: 400;\" aria-level=\"1\">Apoyando el desarrollo de redes profesionales en toda Europa.<\/li>\n<\/ul>\n<h3>Mejorar la calidad de la ense\u00f1anza de nuestro centro abri\u00e9ndonos a Europa e incorporando metodolog\u00edas y aprendizajes obtenidos fuera de nuestras fronteras.<\/h3>\n<p>Apostando por la formaci\u00f3n del profesorado en el extranjero mediante cursos, y visitas a centros escolares de otros pa\u00edses. De esta forma se mejora el aprendizaje y desarrollo de idiomas en el profesorado, form\u00e1ndose al mismo tiempo en m\u00e9todos de ense\u00f1anza innovadores y mejorando as\u00ed su desarrollo profesional.<\/p>\n<p>Esto repercute positivamente en el centro escolar. Un centro que se encuentra en formaci\u00f3n constante consigue enriquecerse y crecer abri\u00e9ndose a Europa. Para ello, se desarrollan las jornadas de buenas pr\u00e1cticas en la que toda la comunidad educativa se enriquece de los conocimientos adquiridos a trav\u00e9s de estos programas. Para ello solicitaremos proyectos KA1 tanto para educaci\u00f3n escolar como para formaci\u00f3n profesional y educaci\u00f3n superior.<\/p>\n<h3><span style=\"font-weight: 400;\">Abrir nuestro centro escolar a Europa facilitando la permeabilidad cultural y ling\u00fc\u00edstica.<\/span><\/h3>\n<p>Participaci\u00f3n en intercambios escolares basados en proyectos de alta calidad en los que el alumnado se ve inmerso en un proceso de aprendizaje que va m\u00e1s all\u00e1 del meramente ling\u00fc\u00edstico, mostrando al alumnado el gran patrimonio europeo.<\/p>\n<p>Facilitando a trav\u00e9s de estas movilidades la posibilidad de que alumnos con dificultades f\u00edsicas, sociales o econ\u00f3micas puedan ser part\u00edcipes de este proceso de aprendizaje. Favoreciendo as\u00ed la inclusi\u00f3n, la tolerancia, la diversidad y fomentando la participaci\u00f3n democr\u00e1tica.<\/p>\n<p>Desarrollando las capacidades de los proveedores de FP para llevar a cabo proyectos de movilidad de gran calidad y para formar asociaciones de calidad a la vez que desarrollan su estrategia de internacionalizaci\u00f3n.<\/p>\n<h3><span style=\"font-weight: 400;\">Fomentar el aprendizaje cooperativo por proyectos de cooperaci\u00f3n transfronterizos<\/span><\/h3>\n<p>Desarrollar proyectos realistas de alta calidad con una finalidad com\u00fan. De esta forma se fomenta el reconocimiento de los resultados de aprendizaje del alumnado y la comunidad educativa ,haci\u00e9ndolos visibles para el resto de la comunidad y propiciando la transferencia de conocimientos m\u00e1s all\u00e1 del \u00e1mbito educativo.<\/p>\n<p>[\/et_pb_text][\/et_pb_column][\/et_pb_row][et_pb_row column_structure=\u00bb1_4,3_4&#8243; _builder_version=\u00bb4.16&#8243; _module_preset=\u00bbdefault\u00bb global_colors_info=\u00bb{}\u00bb][et_pb_column type=\u00bb1_4&#8243; _builder_version=\u00bb4.16&#8243; _module_preset=\u00bbdefault\u00bb global_colors_info=\u00bb{}\u00bb][et_pb_image src=\u00bbhttps:\/\/triana.salesianos.edu\/colegio\/wp-content\/uploads\/sites\/2\/2021\/02\/cofinanciado-con-cada-proyecto.png\u00bb title_text=\u00bbcofinanciado con cada proyecto\u00bb _builder_version=\u00bb4.16&#8243; _module_preset=\u00bbdefault\u00bb global_colors_info=\u00bb{}\u00bb][\/et_pb_image][\/et_pb_column][et_pb_column type=\u00bb3_4&#8243; _builder_version=\u00bb4.16&#8243; _module_preset=\u00bbdefault\u00bb global_colors_info=\u00bb{}\u00bb][et_pb_text _builder_version=\u00bb4.16&#8243; _module_preset=\u00bbdefault\u00bb global_colors_info=\u00bb{}\u00bb]<\/p>\n<h3>Proyectos anteriores<\/h3>\n<ul>\n<li>2020 <a href=\"https:\/\/twinspace.etwinning.net\/70996\">Entrepreneurs of European Apps KA229<\/a><\/li>\n<li>2020<a href=\"https:\/\/twinspace.etwinning.net\/73784\"> EUROPE THROUGH THE EYES OF A TEENAGER<\/a><\/li>\n<li><span style=\"font-size: 14px;\">2018 <\/span><a style=\"font-size: 14px;\" href=\"https:\/\/ec.europa.eu\/programmes\/erasmus-plus\/projects\/eplus-project-details\/#project\/2018-1-ES01-KA102-047753\">KA102<\/a><\/li>\n<li>2018 <a href=\"https:\/\/ec.europa.eu\/programmes\/erasmus-plus\/projects\/eplus-project-details\/#project\/2018-1-ES01-KA101-047755\">KA101<\/a><\/li>\n<li>2017 <a href=\"https:\/\/ec.europa.eu\/programmes\/erasmus-plus\/projects\/eplus-project-details\/#project\/2017-1-ES01-KA102-035779\">KA102<\/a><\/li>\n<li>2017 <a href=\"https:\/\/ec.europa.eu\/programmes\/erasmus-plus\/projects\/eplus-project-details\/#project\/2017-1-ES01-KA103-035780\">KA103<\/a><\/li>\n<li>2016 <a href=\"https:\/\/issuu.com\/ireneprieto\/docs\/erasmus_2016.pptx\">https:\/\/issuu.com\/ireneprieto\/docs\/erasmus_2016.pptx<\/a><\/li>\n<li>2014-2016\u00a0 <a href=\"https:\/\/issuu.com\/ireneprieto\/docs\/memoria.pptx_504764c5f7654c\">https:\/\/issuu.com\/ireneprieto\/docs\/memoria.pptx_504764c5f7654c<\/a><\/li>\n<li>2015 <a href=\"https:\/\/issuu.com\/ireneprieto\/docs\/resumen_proyectos.pptx_8b284855e090c0\">https:\/\/issuu.com\/ireneprieto\/docs\/resumen_proyectos.pptx_8b284855e090c<\/a><\/li>\n<\/ul>\n<p>[\/et_pb_text][\/et_pb_column][\/et_pb_row][\/et_pb_section]<\/p>\n","protected":false},"excerpt":{"rendered":"<p>Actualmente tenemos en marcha varios proyectos KA1 bajo el marco de la Uni\u00f3n europea. KA1 En Educaci\u00f3n Escolar desde el a\u00f1o 2014 tenemos proyectos cada a\u00f1o, donde varios profesores realizar\u00e1n cursos de formaci\u00f3n y jobshadowing en diferentes pa\u00edses de Europa y realizar\u00e1n el acompa\u00f1amiento de los grupos de alumnos. Para este curso 2025-206 Realizaremos 32 [&hellip;]<\/p>\n","protected":false},"author":5,"featured_media":0,"parent":4734,"menu_order":0,"comment_status":"closed","ping_status":"closed","template":"","meta":{"_et_pb_use_builder":"on","_et_pb_old_content":"","_et_gb_content_width":"","footnotes":""},"class_list":["post-8018","page","type-page","status-publish","hentry"],"yoast_head":"<!-- This site is optimized with the Yoast SEO plugin v28.3 - https:\/\/yoast.com\/product\/yoast-seo-wordpress\/ -->\n<title>Proyectos actuales - Colegio Salesiano San Pedro<\/title>\n<meta name=\"robots\" content=\"index, follow, max-snippet:-1, max-image-preview:large, max-video-preview:-1\" \/>\n<link rel=\"canonical\" href=\"https:\/\/triana.salesianos.edu\/colegio\/erasmus\/proyectos-actuales\/\" \/>\n<meta property=\"og:locale\" content=\"es_ES\" \/>\n<meta property=\"og:type\" content=\"article\" \/>\n<meta property=\"og:title\" content=\"Proyectos actuales - Colegio Salesiano San Pedro\" \/>\n<meta property=\"og:description\" content=\"Actualmente tenemos en marcha varios proyectos KA1 bajo el marco de la Uni\u00f3n europea. KA1 En Educaci\u00f3n Escolar desde el a\u00f1o 2014 tenemos proyectos cada a\u00f1o, donde varios profesores realizar\u00e1n cursos de formaci\u00f3n y jobshadowing en diferentes pa\u00edses de Europa y realizar\u00e1n el acompa\u00f1amiento de los grupos de alumnos. Para este curso 2025-206 Realizaremos 32 [&hellip;]\" \/>\n<meta property=\"og:url\" content=\"https:\/\/triana.salesianos.edu\/colegio\/erasmus\/proyectos-actuales\/\" \/>\n<meta property=\"og:site_name\" content=\"Colegio Salesiano San Pedro\" \/>\n<meta property=\"article:modified_time\" content=\"2026-03-17T18:59:42+00:00\" \/>\n<meta name=\"twitter:card\" content=\"summary_large_image\" \/>\n<meta name=\"twitter:label1\" content=\"Tiempo de lectura\" \/>\n\t<meta name=\"twitter:data1\" content=\"4 minutos\" \/>\n<script type=\"application\/ld+json\" class=\"yoast-schema-graph\">{\"@context\":\"https:\\\/\\\/schema.org\",\"@graph\":[{\"@type\":\"WebPage\",\"@id\":\"https:\\\/\\\/triana.salesianos.edu\\\/colegio\\\/erasmus\\\/proyectos-actuales\\\/\",\"url\":\"https:\\\/\\\/triana.salesianos.edu\\\/colegio\\\/erasmus\\\/proyectos-actuales\\\/\",\"name\":\"Proyectos actuales - Colegio Salesiano San Pedro\",\"isPartOf\":{\"@id\":\"https:\\\/\\\/triana.salesianos.edu\\\/colegio\\\/#website\"},\"datePublished\":\"2018-02-13T18:01:11+00:00\",\"dateModified\":\"2026-03-17T18:59:42+00:00\",\"breadcrumb\":{\"@id\":\"https:\\\/\\\/triana.salesianos.edu\\\/colegio\\\/erasmus\\\/proyectos-actuales\\\/#breadcrumb\"},\"inLanguage\":\"es\",\"potentialAction\":[{\"@type\":\"ReadAction\",\"target\":[\"https:\\\/\\\/triana.salesianos.edu\\\/colegio\\\/erasmus\\\/proyectos-actuales\\\/\"]}]},{\"@type\":\"BreadcrumbList\",\"@id\":\"https:\\\/\\\/triana.salesianos.edu\\\/colegio\\\/erasmus\\\/proyectos-actuales\\\/#breadcrumb\",\"itemListElement\":[{\"@type\":\"ListItem\",\"position\":1,\"name\":\"Portada\",\"item\":\"https:\\\/\\\/triana.salesianos.edu\\\/colegio\\\/\"},{\"@type\":\"ListItem\",\"position\":2,\"name\":\"Erasmus +\",\"item\":\"https:\\\/\\\/triana.salesianos.edu\\\/colegio\\\/erasmus\\\/\"},{\"@type\":\"ListItem\",\"position\":3,\"name\":\"Proyectos actuales\"}]},{\"@type\":\"WebSite\",\"@id\":\"https:\\\/\\\/triana.salesianos.edu\\\/colegio\\\/#website\",\"url\":\"https:\\\/\\\/triana.salesianos.edu\\\/colegio\\\/\",\"name\":\"Colegio Salesiano San Pedro\",\"description\":\"P\u00e1gina oficial Salesianos Triana Sevilla\",\"potentialAction\":[{\"@type\":\"SearchAction\",\"target\":{\"@type\":\"EntryPoint\",\"urlTemplate\":\"https:\\\/\\\/triana.salesianos.edu\\\/colegio\\\/?s={search_term_string}\"},\"query-input\":{\"@type\":\"PropertyValueSpecification\",\"valueRequired\":true,\"valueName\":\"search_term_string\"}}],\"inLanguage\":\"es\"}]}<\/script>\n<!-- \/ Yoast SEO plugin. -->","yoast_head_json":{"title":"Proyectos actuales - Colegio Salesiano San Pedro","robots":{"index":"index","follow":"follow","max-snippet":"max-snippet:-1","max-image-preview":"max-image-preview:large","max-video-preview":"max-video-preview:-1"},"canonical":"https:\/\/triana.salesianos.edu\/colegio\/erasmus\/proyectos-actuales\/","og_locale":"es_ES","og_type":"article","og_title":"Proyectos actuales - Colegio Salesiano San Pedro","og_description":"Actualmente tenemos en marcha varios proyectos KA1 bajo el marco de la Uni\u00f3n europea. KA1 En Educaci\u00f3n Escolar desde el a\u00f1o 2014 tenemos proyectos cada a\u00f1o, donde varios profesores realizar\u00e1n cursos de formaci\u00f3n y jobshadowing en diferentes pa\u00edses de Europa y realizar\u00e1n el acompa\u00f1amiento de los grupos de alumnos. Para este curso 2025-206 Realizaremos 32 [&hellip;]","og_url":"https:\/\/triana.salesianos.edu\/colegio\/erasmus\/proyectos-actuales\/","og_site_name":"Colegio Salesiano San Pedro","article_modified_time":"2026-03-17T18:59:42+00:00","twitter_card":"summary_large_image","twitter_misc":{"Tiempo de lectura":"4 minutos"},"schema":{"@context":"https:\/\/schema.org","@graph":[{"@type":"WebPage","@id":"https:\/\/triana.salesianos.edu\/colegio\/erasmus\/proyectos-actuales\/","url":"https:\/\/triana.salesianos.edu\/colegio\/erasmus\/proyectos-actuales\/","name":"Proyectos actuales - Colegio Salesiano San Pedro","isPartOf":{"@id":"https:\/\/triana.salesianos.edu\/colegio\/#website"},"datePublished":"2018-02-13T18:01:11+00:00","dateModified":"2026-03-17T18:59:42+00:00","breadcrumb":{"@id":"https:\/\/triana.salesianos.edu\/colegio\/erasmus\/proyectos-actuales\/#breadcrumb"},"inLanguage":"es","potentialAction":[{"@type":"ReadAction","target":["https:\/\/triana.salesianos.edu\/colegio\/erasmus\/proyectos-actuales\/"]}]},{"@type":"BreadcrumbList","@id":"https:\/\/triana.salesianos.edu\/colegio\/erasmus\/proyectos-actuales\/#breadcrumb","itemListElement":[{"@type":"ListItem","position":1,"name":"Portada","item":"https:\/\/triana.salesianos.edu\/colegio\/"},{"@type":"ListItem","position":2,"name":"Erasmus +","item":"https:\/\/triana.salesianos.edu\/colegio\/erasmus\/"},{"@type":"ListItem","position":3,"name":"Proyectos actuales"}]},{"@type":"WebSite","@id":"https:\/\/triana.salesianos.edu\/colegio\/#website","url":"https:\/\/triana.salesianos.edu\/colegio\/","name":"Colegio Salesiano San Pedro","description":"P\u00e1gina oficial Salesianos Triana Sevilla","potentialAction":[{"@type":"SearchAction","target":{"@type":"EntryPoint","urlTemplate":"https:\/\/triana.salesianos.edu\/colegio\/?s={search_term_string}"},"query-input":{"@type":"PropertyValueSpecification","valueRequired":true,"valueName":"search_term_string"}}],"inLanguage":"es"}]}},"_links":{"self":[{"href":"https:\/\/triana.salesianos.edu\/colegio\/wp-json\/wp\/v2\/pages\/8018","targetHints":{"allow":["GET"]}}],"collection":[{"href":"https:\/\/triana.salesianos.edu\/colegio\/wp-json\/wp\/v2\/pages"}],"about":[{"href":"https:\/\/triana.salesianos.edu\/colegio\/wp-json\/wp\/v2\/types\/page"}],"author":[{"embeddable":true,"href":"https:\/\/triana.salesianos.edu\/colegio\/wp-json\/wp\/v2\/users\/5"}],"replies":[{"embeddable":true,"href":"https:\/\/triana.salesianos.edu\/colegio\/wp-json\/wp\/v2\/comments?post=8018"}],"version-history":[{"count":17,"href":"https:\/\/triana.salesianos.edu\/colegio\/wp-json\/wp\/v2\/pages\/8018\/revisions"}],"predecessor-version":[{"id":25244,"href":"https:\/\/triana.salesianos.edu\/colegio\/wp-json\/wp\/v2\/pages\/8018\/revisions\/25244"}],"up":[{"embeddable":true,"href":"https:\/\/triana.salesianos.edu\/colegio\/wp-json\/wp\/v2\/pages\/4734"}],"wp:attachment":[{"href":"https:\/\/triana.salesianos.edu\/colegio\/wp-json\/wp\/v2\/media?parent=8018"}],"curies":[{"name":"wp","href":"https:\/\/api.w.org\/{rel}","templated":true}]}}