{"id":4672,"date":"2017-11-17T00:30:41","date_gmt":"2017-11-16T23:30:41","guid":{"rendered":"https:\/\/triana.salesianos.edu\/colegio\/?page_id=4672"},"modified":"2026-03-11T21:46:35","modified_gmt":"2026-03-11T20:46:35","slug":"propuesta-educativa","status":"publish","type":"page","link":"https:\/\/triana.salesianos.edu\/colegio\/propuesta-educativa\/","title":{"rendered":"Propuesta Educativa"},"content":{"rendered":"<div id=\"fb-root\"><\/div>\n<p>[et_pb_section fb_built=\u00bb1&#8243; fullwidth=\u00bbon\u00bb _builder_version=\u00bb4.16&#8243; global_colors_info=\u00bb{}\u00bb][et_pb_fullwidth_header title=\u00bbPropuesta educativa\u00bb title_font_color=\u00bb#ffffff\u00bb module_class=\u00bbpagina-imagen-cabecera\u00bb _builder_version=\u00bb4.16&#8243; title_text_color=\u00bb#ffffff\u00bb title_font_size=\u00bb40px\u00bb background_color=\u00bbrgba(255, 255, 255, 0)\u00bb background_image=\u00bbhttps:\/\/inspectoria.salesianos.edu\/wp-content\/uploads\/2017\/09\/ImagenPAGINA.jpg\u00bb background_layout=\u00bblight\u00bb max_width_tablet=\u00bb50px\u00bb background_url=\u00bbhttps:\/\/alicante.salesianos.edu\/colegio\/wp-content\/uploads\/sites\/2\/2017\/03\/Archivo_003-1.jpeg\u00bb button_one_letter_spacing_hover=\u00bb0&#8243; button_two_letter_spacing_hover=\u00bb0&#8243; global_colors_info=\u00bb{}\u00bb button_one_text_size__hover_enabled=\u00bboff\u00bb button_two_text_size__hover_enabled=\u00bboff\u00bb button_one_text_color__hover_enabled=\u00bboff\u00bb button_two_text_color__hover_enabled=\u00bboff\u00bb button_one_border_width__hover_enabled=\u00bboff\u00bb button_two_border_width__hover_enabled=\u00bboff\u00bb button_one_border_color__hover_enabled=\u00bboff\u00bb button_two_border_color__hover_enabled=\u00bboff\u00bb button_one_border_radius__hover_enabled=\u00bboff\u00bb button_two_border_radius__hover_enabled=\u00bboff\u00bb button_one_letter_spacing__hover_enabled=\u00bbon\u00bb button_one_letter_spacing__hover=\u00bb0&#8243; button_two_letter_spacing__hover_enabled=\u00bbon\u00bb button_two_letter_spacing__hover=\u00bb0&#8243; button_one_bg_color__hover_enabled=\u00bboff\u00bb button_two_bg_color__hover_enabled=\u00bboff\u00bb][\/et_pb_fullwidth_header][\/et_pb_section][et_pb_section fb_built=\u00bb1&#8243; module_class=\u00bbpagina-seccion-contenido\u00bb _builder_version=\u00bb4.16&#8243; custom_padding=\u00bb0px|0px||\u00bb global_colors_info=\u00bb{}\u00bb][et_pb_row column_structure=\u00bb2_3,1_3&#8243; module_class=\u00bbpagina-texto\u00bb _builder_version=\u00bb4.16&#8243; background_size=\u00bbinitial\u00bb background_position=\u00bbtop_left\u00bb background_repeat=\u00bbrepeat\u00bb custom_margin=\u00bb25px|||\u00bb custom_padding=\u00bb25px|||\u00bb global_colors_info=\u00bb{}\u00bb][et_pb_column type=\u00bb2_3&#8243; _builder_version=\u00bb4.16&#8243; custom_padding=\u00bb|||\u00bb global_colors_info=\u00bb{}\u00bb custom_padding__hover=\u00bb|||\u00bb][et_pb_text _builder_version=\u00bb4.16&#8243; global_colors_info=\u00bb{}\u00bb]<\/p>\n<h1>\u00bfCu\u00e1l es nuestra finalidad?<\/h1>\n<p>[\/et_pb_text][et_pb_text _builder_version=\u00bb4.16&#8243; background_size=\u00bbinitial\u00bb background_position=\u00bbtop_left\u00bb background_repeat=\u00bbrepeat\u00bb global_colors_info=\u00bb{}\u00bb]El Colegio Salesiano San Pedro, ubicado en el barrio de Triana de la ciudad de Sevilla, calle Condes de Bustillo n\u00ba17, e inscrito en el registro de la Consejeria de Educaci\u00f3n y Ciencia de Sevilla, es un centro escolar privado concertado que comprende los niveles de Educaci\u00f3n Infantil, Educaci\u00f3n Primaria, Educaci\u00f3n Secundaria Obligatoria, Bachillerato y Ciclos Formativos<\/p>\n<p>La entidad titular de este colegio es la\u00a0<a href=\"http:\/\/www.salesianos.edu\/\" target=\"_blank\" rel=\"noopener noreferrer\">Inspector\u00eda Salesiana de M\u00aa Auxiliadora<\/a>, \u00a0Sociedad de San Francisco de Sales (Congregaci\u00f3n Salesiana).<\/p>\n<p>Nuestro colegio tiene como finalidad favorecer el crecimiento y la maduraci\u00f3n integral del alumno dentro de una visi\u00f3n cristiana de la vida y la cultura, adoptando el proyecto educativo de Don Bosco.<\/p>\n<p>Para lograr esta finalidad, el colegio necesita la convergencia en las actuaciones de todos los que colaboran en \u00e9l. Por eso, nuestro Colegio orienta sus esfuerzos hacia la formaci\u00f3n y participaci\u00f3n de una Comunidad Educativa que sea a la vez sujeto y ambiente de educaci\u00f3n.<br \/>\n[\/et_pb_text][et_pb_text _builder_version=\u00bb4.16&#8243; custom_margin=\u00bb||0px|\u00bb custom_padding=\u00bb|||\u00bb global_colors_info=\u00bb{}\u00bb]<\/p>\n<h2>\u00bfConoces nuestros or\u00edgenes?<\/h2>\n<p>[\/et_pb_text][et_pb_text _builder_version=\u00bb4.16&#8243; background_size=\u00bbinitial\u00bb background_position=\u00bbtop_left\u00bb background_repeat=\u00bbrepeat\u00bb custom_margin=\u00bb||25px|\u00bb global_colors_info=\u00bb{}\u00bb]<\/p>\n<div class=\"page\" style=\"text-align: justify;\" title=\"Page 3\">\n<div class=\"layoutArea\">\n<div class=\"column\">\n<h2><\/h2>\n<div class=\"et_pb_text et_pb_module et_pb_bg_layout_light et_pb_text_align_left et_pb_text_3\">\n<div class=\"et_pb_text_inner\">\n<div class=\"page\" title=\"Page 3\">\n<div class=\"layoutArea\">\n<div class=\"column\">\n<p>Las Escuelas Salesianas tienen su origen en la misi\u00f3n de Don Bosco con los j\u00f3venes de Tur\u00edn en el siglo XIX. Su preocupaci\u00f3n fue, desde el primer momento, la educaci\u00f3n y promoci\u00f3n integral de los j\u00f3venes: \u201cbuenos cristianos y honrados ciudadanos\u201d, le gustaba decir. Su deseo por ampliar su misi\u00f3n es secundado al poco tiempo por Mar\u00eda Mazzarello, que asume, comparte y enriquece el estilo de Don Bosco, fundando nuevas escuelas y actividades en favor de las j\u00f3venes. Hoy, las Escuelas Salesianas son una realidad amplia y rica, que pretende ser fiel a la misi\u00f3n y al estilo educativo que sus fundadores pretendieron impulsar.<\/p>\n<\/div>\n<\/div>\n<\/div>\n<\/div>\n<\/div>\n<\/div>\n<\/div>\n<\/div>\n<p>[\/et_pb_text][et_pb_image src=\u00bbhttps:\/\/triana.salesianos.edu\/colegio\/wp-content\/uploads\/sites\/2\/2018\/02\/P1130640.jpg\u00bb align_tablet=\u00bbcenter\u00bb align_phone=\u00bbcenter\u00bb align_last_edited=\u00bbon|desktop\u00bb _builder_version=\u00bb4.16&#8243; custom_margin=\u00bb||25px|\u00bb animation_style=\u00bbslide\u00bb animation_direction=\u00bbleft\u00bb animation_duration=\u00bb500ms\u00bb animation_intensity_slide=\u00bb10%\u00bb always_center_on_mobile=\u00bbon\u00bb global_colors_info=\u00bb{}\u00bb][\/et_pb_image][et_pb_tabs _builder_version=\u00bb4.27.0&#8243; background_size=\u00bbinitial\u00bb background_position=\u00bbtop_left\u00bb background_repeat=\u00bbrepeat\u00bb global_colors_info=\u00bb{}\u00bb][et_pb_tab title=\u00bbMisi\u00f3n\u00bb _builder_version=\u00bb4.27.0&#8243; body_font=\u00bb||||\u00bb tab_font=\u00bb||||\u00bb background_size=\u00bbinitial\u00bb background_position=\u00bbtop_left\u00bb background_repeat=\u00bbrepeat\u00bb global_colors_info=\u00bb{}\u00bb]<\/p>\n<h2 style=\"text-align: justify;\">\u00bfCu\u00e1l es nuestra misi\u00f3n?<\/h2>\n<div>El colegio salesiano San Pedro, tiene como misi\u00f3n ser reflejo de las escuelas de la inspector\u00eda Salesiana Mar\u00eda Auxiliadora en el barrio de Triana mediante:<\/div>\n<ol>\n<li>Una Formaci\u00f3n integral de la persona basada en el evangelio y el sistema educativo de Don Bosco.<\/li>\n<li>Una opci\u00f3n preferencial por los m\u00e1s necesitados y comprometidos con el desarrollo de cada persona y de la sociedad.<\/li>\n<li>El trabajo en equipo como forma de hacer part\u00edcipes a todos los miembros de la comunidad educativo-pastoral.<\/li>\n<li>El crecimiento cristiano de cada persona y su participaci\u00f3n en la sociedad.<\/li>\n<\/ol>\n<p>[\/et_pb_tab][et_pb_tab title=\u00bbVisi\u00f3n\u00bb _builder_version=\u00bb4.27.0&#8243; body_font=\u00bb||||\u00bb tab_font=\u00bb||||\u00bb background_size=\u00bbinitial\u00bb background_position=\u00bbtop_left\u00bb background_repeat=\u00bbrepeat\u00bb global_colors_info=\u00bb{}\u00bb]<\/p>\n<h2 style=\"text-align: justify;\">\u00bfCu\u00e1l es nuestra visi\u00f3n?<\/h2>\n<p>Nuestra opci\u00f3n por la formaci\u00f3n integral implica una concepci\u00f3n de escuela que va m\u00e1s all\u00e1 de los l\u00edmites del horario escolar, y ayuda a los alumnos a abrirse a un mundo de dimensiones cada vez m\u00e1s amplias.<\/p>\n<p>Conforme a estos criterios, pretendemos que nuestra escuela sea centro de promoci\u00f3n educativa, cultural y social del entorno.<\/p>\n<p>La Inspector\u00eda Salesiana con sus escuelas en los pr\u00f3ximos a\u00f1os, y particularmente el Colegio Salesiano San Pedro, pretende avanzar en los pr\u00f3ximos a\u00f1os en las siguientes l\u00edneas:<\/p>\n<ol>\n<li>Buscar siempre la respuesta m\u00e1s adecuada a las necesidades de nuestro alumnado.<\/li>\n<li>Tener como centro de toda nuestra acci\u00f3n educativa y evangelizadora el desarrollo integral de la persona.<\/li>\n<li>Ser una escuela en la que los educadores se sientan parte del proyecto educativo-pastoral.<\/li>\n<li>Formar a nuestro alumnado, dentro del marco competencial, apostando por una educaci\u00f3n biling\u00fce y en constante b\u00fasqueda de la innovaci\u00f3n educativa.<\/li>\n<li>Promover la participaci\u00f3n de las familias en el desarrollo del proyecto educativo-pastoral.<\/li>\n<li>Potenciar la pastoral como expresi\u00f3n del compromiso de evangelizaci\u00f3n de la Congregaci\u00f3n Salesiana en la Escuela.<\/li>\n<li>Involucrar a los j\u00f3venes como agentes de la acci\u00f3n evangelizadora y de transformaci\u00f3n social en su entorno m\u00e1s cercano.<\/li>\n<\/ol>\n<p>[\/et_pb_tab][et_pb_tab title=\u00bbValores\u00bb _builder_version=\u00bb4.27.0&#8243; body_font=\u00bb||||\u00bb tab_font=\u00bb||||\u00bb background_size=\u00bbinitial\u00bb background_position=\u00bbtop_left\u00bb background_repeat=\u00bbrepeat\u00bb global_colors_info=\u00bb{}\u00bb]<\/p>\n<h2>\u00bfCu\u00e1les son nuestros valores?<\/h2>\n<p>En nuestra Propuesta Educativa Salesiana adoptamos el Sistema Preventivo de Don Bosco y reconocemos que nuestra escuela:<\/p>\n<ol>\n<li>Tiene como modelo el Sistema Preventivo de Don Bosco.<\/li>\n<li>Apuesta por la evangelizaci\u00f3n mediante propuestas personalizadas, especialmente a los m\u00e1s necesitados.<\/li>\n<li>Forma parte de un proyecto com\u00fan inspectorial.<\/li>\n<li>Est\u00e1 en continua actualizaci\u00f3n pedag\u00f3gico-pastoral, mediante la formaci\u00f3n permanente de los agentes educativos.<\/li>\n<li>Acoge a todos y vuelca sus esfuerzos y recursos en aquellos que m\u00e1s lo necesitan.<\/li>\n<li>Conf\u00eda incondicionalmente en los j\u00f3venes como protagonistas de su proceso educativo-pastoral.<\/li>\n<li>Acoge y acompa\u00f1a desde un modelo cristiano.<\/li>\n<li>Favorece la cultura del esfuerzo y trabajo.<\/li>\n<li>Est\u00e1 comprometida con la formaci\u00f3n profesional y el acompa\u00f1amiento en el mundo laboral.<\/li>\n<li>Cultiva un ambiente educativo y familiar.<\/li>\n<li>Facilita la relaci\u00f3n del entorno y favorece la apertura de puertas a nuestro alumnado y j\u00f3venes del barrio.<\/li>\n<li>Trabaja en la mejora continua de su din\u00e1mica de funcionamiento diario.<\/li>\n<\/ol>\n<p>[\/et_pb_tab][\/et_pb_tabs][\/et_pb_column][et_pb_column type=\u00bb1_3&#8243; _builder_version=\u00bb4.16&#8243; custom_padding=\u00bb|||\u00bb global_colors_info=\u00bb{}\u00bb custom_padding__hover=\u00bb|||\u00bb][et_pb_text _builder_version=\u00bb4.16&#8243; custom_margin=\u00bb10px||10px|\u00bb custom_padding=\u00bb|||\u00bb global_colors_info=\u00bb{}\u00bb]<\/p>\n<h2>Nos definimos como&#8230;<\/h2>\n<p>[\/et_pb_text][et_pb_cta title=\u00bbEscuela\u00bb _builder_version=\u00bb4.16&#8243; header_font=\u00bbAmatic SC||||\u00bb header_font_size=\u00bb75px\u00bb body_font_size=\u00bb15px\u00bb background_color=\u00bb#e02218&#8243; background_image=\u00bbhttps:\/\/alicante.salesianos.edu\/colegio\/wp-content\/uploads\/sites\/2\/2017\/03\/Captura-de-pantalla-2017-04-12-a-las-23.00.10.png\u00bb background_blend=\u00bbdarken\u00bb global_colors_info=\u00bb{}\u00bb button_text_size__hover_enabled=\u00bboff\u00bb button_one_text_size__hover_enabled=\u00bboff\u00bb button_two_text_size__hover_enabled=\u00bboff\u00bb button_text_color__hover_enabled=\u00bboff\u00bb button_one_text_color__hover_enabled=\u00bboff\u00bb button_two_text_color__hover_enabled=\u00bboff\u00bb button_border_width__hover_enabled=\u00bboff\u00bb button_one_border_width__hover_enabled=\u00bboff\u00bb button_two_border_width__hover_enabled=\u00bboff\u00bb button_border_color__hover_enabled=\u00bboff\u00bb button_one_border_color__hover_enabled=\u00bboff\u00bb button_two_border_color__hover_enabled=\u00bboff\u00bb button_border_radius__hover_enabled=\u00bboff\u00bb button_one_border_radius__hover_enabled=\u00bboff\u00bb button_two_border_radius__hover_enabled=\u00bboff\u00bb button_letter_spacing__hover_enabled=\u00bboff\u00bb button_one_letter_spacing__hover_enabled=\u00bboff\u00bb button_two_letter_spacing__hover_enabled=\u00bboff\u00bb button_bg_color__hover_enabled=\u00bboff\u00bb button_one_bg_color__hover_enabled=\u00bboff\u00bb button_two_bg_color__hover_enabled=\u00bboff\u00bb]Lugar privilegiado de educaci\u00f3n integral en el que cada alumno y cada alumna acceden cr\u00edticamente al mundo de la cultura y reciben la ayuda que necesitan para la construcci\u00f3n de su propio proyecto de vida.<br \/>\n[\/et_pb_cta][et_pb_cta title=\u00bbCat\u00f3lica\u00bb _builder_version=\u00bb4.16&#8243; header_font=\u00bbAmatic SC||||\u00bb header_font_size=\u00bb75px\u00bb body_font_size=\u00bb15px\u00bb background_color=\u00bb#e02b20&#8243; background_image=\u00bbhttps:\/\/alicante.salesianos.edu\/colegio\/wp-content\/uploads\/sites\/2\/2017\/07\/Realiza2_CNBB.jpg\u00bb background_blend=\u00bbdarken\u00bb global_colors_info=\u00bb{}\u00bb button_text_size__hover_enabled=\u00bboff\u00bb button_one_text_size__hover_enabled=\u00bboff\u00bb button_two_text_size__hover_enabled=\u00bboff\u00bb button_text_color__hover_enabled=\u00bboff\u00bb button_one_text_color__hover_enabled=\u00bboff\u00bb button_two_text_color__hover_enabled=\u00bboff\u00bb button_border_width__hover_enabled=\u00bboff\u00bb button_one_border_width__hover_enabled=\u00bboff\u00bb button_two_border_width__hover_enabled=\u00bboff\u00bb button_border_color__hover_enabled=\u00bboff\u00bb button_one_border_color__hover_enabled=\u00bboff\u00bb button_two_border_color__hover_enabled=\u00bboff\u00bb button_border_radius__hover_enabled=\u00bboff\u00bb button_one_border_radius__hover_enabled=\u00bboff\u00bb button_two_border_radius__hover_enabled=\u00bboff\u00bb button_letter_spacing__hover_enabled=\u00bboff\u00bb button_one_letter_spacing__hover_enabled=\u00bboff\u00bb button_two_letter_spacing__hover_enabled=\u00bboff\u00bb button_bg_color__hover_enabled=\u00bboff\u00bb button_one_bg_color__hover_enabled=\u00bboff\u00bb button_two_bg_color__hover_enabled=\u00bboff\u00bb]Presencia de Iglesia fundada en los valores del Evangelio, abierta a todos y al servicio de un di\u00e1logo\u00a0fe-cultura-vida.<br \/>\n[\/et_pb_cta][et_pb_cta title=\u00bbSalesiana\u00bb button_url=\u00bbhttps:\/\/triana.salesianos.edu\/colegio\/sistema-preventivo\/\u00bb button_text=\u00bbSistema preventivo\u00bb _builder_version=\u00bb4.22.2&#8243; header_font=\u00bbAmatic SC||||\u00bb header_font_size=\u00bb72px\u00bb body_font_size=\u00bb15px\u00bb background_color=\u00bb#e02b20&#8243; background_image=\u00bbhttps:\/\/alicante.salesianos.edu\/colegio\/wp-content\/uploads\/sites\/2\/2017\/06\/Captura-de-pantalla-2017-06-09-a-las-9.23.48.png\u00bb background_blend=\u00bbdarken\u00bb global_colors_info=\u00bb{}\u00bb button_text_size__hover_enabled=\u00bboff\u00bb button_one_text_size__hover_enabled=\u00bboff\u00bb button_two_text_size__hover_enabled=\u00bboff\u00bb button_text_color__hover_enabled=\u00bboff\u00bb button_one_text_color__hover_enabled=\u00bboff\u00bb button_two_text_color__hover_enabled=\u00bboff\u00bb button_border_width__hover_enabled=\u00bboff\u00bb button_one_border_width__hover_enabled=\u00bboff\u00bb button_two_border_width__hover_enabled=\u00bboff\u00bb button_border_color__hover_enabled=\u00bboff\u00bb button_one_border_color__hover_enabled=\u00bboff\u00bb button_two_border_color__hover_enabled=\u00bboff\u00bb button_border_radius__hover_enabled=\u00bboff\u00bb button_one_border_radius__hover_enabled=\u00bboff\u00bb button_two_border_radius__hover_enabled=\u00bboff\u00bb button_letter_spacing__hover_enabled=\u00bboff\u00bb button_one_letter_spacing__hover_enabled=\u00bboff\u00bb button_two_letter_spacing__hover_enabled=\u00bboff\u00bb button_bg_color__hover_enabled=\u00bboff\u00bb button_one_bg_color__hover_enabled=\u00bboff\u00bb button_two_bg_color__hover_enabled=\u00bboff\u00bb]<\/p>\n<p>Con un aporte espec\u00edfico mediante la actualizaci\u00f3n de la experiencia educativa de Don Bosco y Mar\u00eda Mazzarello en base a los principios del\u00a0Sistema Preventivo.<\/p>\n<p>[\/et_pb_cta][et_pb_divider show_divider=\u00bboff\u00bb disabled_on=\u00bbon|on|off\u00bb _builder_version=\u00bb4.16&#8243; global_colors_info=\u00bb{}\u00bb][\/et_pb_divider][et_pb_image align_tablet=\u00bbcenter\u00bb align_phone=\u00bbcenter\u00bb align_last_edited=\u00bbon|desktop\u00bb _builder_version=\u00bb4.16&#8243; animation_style=\u00bbslide\u00bb animation_direction=\u00bbleft\u00bb animation_duration=\u00bb500ms\u00bb animation_intensity_slide=\u00bb10%\u00bb global_colors_info=\u00bb{}\u00bb][\/et_pb_image][et_pb_gallery gallery_ids=\u00bb2445,2444&#8243; fullwidth=\u00bbon\u00bb _builder_version=\u00bb4.16&#8243; auto=\u00bbon\u00bb global_colors_info=\u00bb{}\u00bb][\/et_pb_gallery][\/et_pb_column][\/et_pb_row][et_pb_row _builder_version=\u00bb4.16&#8243; custom_padding=\u00bb25.734375px|0px|0px|0px\u00bb global_colors_info=\u00bb{}\u00bb][et_pb_column type=\u00bb4_4&#8243; _builder_version=\u00bb4.16&#8243; custom_padding=\u00bb|||\u00bb global_colors_info=\u00bb{}\u00bb custom_padding__hover=\u00bb|||\u00bb][et_pb_text _builder_version=\u00bb4.27.0&#8243; text_font=\u00bb||||\u00bb header_font=\u00bb||||\u00bb global_colors_info=\u00bb{}\u00bb]<\/p>\n<h2>Algunos documentos de referencia&#8230;<\/h2>\n<p>[\/et_pb_text][\/et_pb_column][\/et_pb_row][et_pb_row column_structure=\u00bb1_2,1_2&#8243; admin_label=\u00bbrow\u00bb _builder_version=\u00bb4.16&#8243; background_size=\u00bbinitial\u00bb background_position=\u00bbtop_left\u00bb background_repeat=\u00bbrepeat\u00bb custom_padding=\u00bb25px|0px|25.734375px|0px\u00bb global_colors_info=\u00bb{}\u00bb][et_pb_column type=\u00bb1_2&#8243; _builder_version=\u00bb4.16&#8243; custom_padding=\u00bb|||\u00bb global_colors_info=\u00bb{}\u00bb custom_padding__hover=\u00bb|||\u00bb][et_pb_cta title=\u00bbPropuesta Educativa de las Escuelas Salesianas\u00bb button_url=\u00bbhttps:\/\/www.escuelassalesianas.com\/estilo-educativo\/propuesta-educativa\/\u00bb url_new_window=\u00bbon\u00bb button_text=\u00bbVer documento\u00bb admin_label=\u00bbPropuesta Educativa Escuelas Salesianas\u00bb _builder_version=\u00bb4.27.4&#8243; header_font=\u00bbAmatic SC||||\u00bb header_font_size=\u00bb65px\u00bb background_color=\u00bbrgba(220,0,27,0)\u00bb background_image=\u00bbhttps:\/\/alicante.salesianos.edu\/colegio\/wp-content\/uploads\/sites\/2\/2017\/07\/encabezado_don_bosco_valdocco_2_recortado.jpg\u00bb background_blend=\u00bbcolor-burn\u00bb custom_button=\u00bbon\u00bb button_text_color=\u00bb#FFFFFF\u00bb button_bg_color=\u00bb#dc001b\u00bb button_alignment=\u00bbcenter\u00bb text_orientation=\u00bbleft\u00bb global_colors_info=\u00bb{}\u00bb button_text_size__hover_enabled=\u00bboff\u00bb button_one_text_size__hover_enabled=\u00bboff\u00bb button_two_text_size__hover_enabled=\u00bboff\u00bb button_text_color__hover_enabled=\u00bboff\u00bb button_one_text_color__hover_enabled=\u00bboff\u00bb button_two_text_color__hover_enabled=\u00bboff\u00bb button_border_width__hover_enabled=\u00bboff\u00bb button_one_border_width__hover_enabled=\u00bboff\u00bb button_two_border_width__hover_enabled=\u00bboff\u00bb button_border_color__hover_enabled=\u00bboff\u00bb button_one_border_color__hover_enabled=\u00bboff\u00bb button_two_border_color__hover_enabled=\u00bboff\u00bb button_border_radius__hover_enabled=\u00bboff\u00bb button_one_border_radius__hover_enabled=\u00bboff\u00bb button_two_border_radius__hover_enabled=\u00bboff\u00bb button_letter_spacing__hover_enabled=\u00bboff\u00bb button_one_letter_spacing__hover_enabled=\u00bboff\u00bb button_two_letter_spacing__hover_enabled=\u00bboff\u00bb button_bg_color__hover_enabled=\u00bboff\u00bb button_one_bg_color__hover_enabled=\u00bboff\u00bb button_two_bg_color__hover_enabled=\u00bboff\u00bb]<\/p>\n<p>El siguiente documento recoge los rasgos m\u00e1s importantes y significativos que definen el ideario o car\u00e1cter propio de las Escuelas Salesianas.<\/p>\n<p>[\/et_pb_cta][\/et_pb_column][et_pb_column type=\u00bb1_2&#8243; _builder_version=\u00bb4.16&#8243; custom_padding=\u00bb|||\u00bb global_colors_info=\u00bb{}\u00bb custom_padding__hover=\u00bb|||\u00bb][et_pb_cta title=\u00bbProyecto Educativo de Centro\u00bb button_url=\u00bbhttps:\/\/drive.google.com\/drive\/folders\/1QLqvK1_R7F-w6lNaN2KcP17BQuFEBppk?usp=sharing\u00bb url_new_window=\u00bbon\u00bb button_text=\u00bbVer documento\u00bb admin_label=\u00bbProyecto Educativo de Centro\u00bb _builder_version=\u00bb4.27.4&#8243; header_font=\u00bbAmatic SC||||\u00bb header_font_size=\u00bb65px\u00bb background_color=\u00bbrgba(220,0,27,0)\u00bb background_image=\u00bbhttps:\/\/triana.salesianos.edu\/colegio\/wp-content\/uploads\/sites\/2\/2023\/10\/DJI_0820-scaled.jpg\u00bb background_blend=\u00bbcolor-burn\u00bb custom_button=\u00bbon\u00bb button_text_color=\u00bb#FFFFFF\u00bb button_bg_color=\u00bb#dc001b\u00bb button_alignment=\u00bbcenter\u00bb text_orientation=\u00bbleft\u00bb hover_enabled=\u00bb0&#8243; global_colors_info=\u00bb{}\u00bb button_text_size__hover_enabled=\u00bboff\u00bb button_one_text_size__hover_enabled=\u00bboff\u00bb button_two_text_size__hover_enabled=\u00bboff\u00bb button_text_color__hover_enabled=\u00bboff\u00bb button_one_text_color__hover_enabled=\u00bboff\u00bb button_two_text_color__hover_enabled=\u00bboff\u00bb button_border_width__hover_enabled=\u00bboff\u00bb button_one_border_width__hover_enabled=\u00bboff\u00bb button_two_border_width__hover_enabled=\u00bboff\u00bb button_border_color__hover_enabled=\u00bboff\u00bb button_one_border_color__hover_enabled=\u00bboff\u00bb button_two_border_color__hover_enabled=\u00bboff\u00bb button_border_radius__hover_enabled=\u00bboff\u00bb button_one_border_radius__hover_enabled=\u00bboff\u00bb button_two_border_radius__hover_enabled=\u00bboff\u00bb button_letter_spacing__hover_enabled=\u00bboff\u00bb button_one_letter_spacing__hover_enabled=\u00bboff\u00bb button_two_letter_spacing__hover_enabled=\u00bboff\u00bb button_bg_color__hover_enabled=\u00bboff\u00bb button_one_bg_color__hover_enabled=\u00bboff\u00bb button_two_bg_color__hover_enabled=\u00bboff\u00bb sticky_enabled=\u00bb0&#8243;]<\/p>\n<p>Con este documento podr\u00e1s profundizar sobre nuestro proyecto educativo. \u00bfC\u00f3mo actuamos frente a nuestra realidad y entorno? \u00bfC\u00f3mo nos organizamos? \u00bfC\u00f3mo atendemos el ocio y el tiempo libre?<\/p>\n<p>[\/et_pb_cta][\/et_pb_column][\/et_pb_row][\/et_pb_section]<\/p>\n","protected":false},"excerpt":{"rendered":"<p>\u00bfCu\u00e1l es nuestra finalidad? El Colegio Salesiano San Pedro, ubicado en el barrio de Triana de la ciudad de Sevilla, calle Condes de Bustillo n\u00ba17, e inscrito en el registro de la Consejeria de Educaci\u00f3n y Ciencia de Sevilla, es un centro escolar privado concertado que comprende los niveles de Educaci\u00f3n Infantil, Educaci\u00f3n Primaria, Educaci\u00f3n [&hellip;]<\/p>\n","protected":false},"author":3,"featured_media":0,"parent":0,"menu_order":0,"comment_status":"closed","ping_status":"closed","template":"","meta":{"_et_pb_use_builder":"on","_et_pb_old_content":"","_et_gb_content_width":"","footnotes":""},"class_list":["post-4672","page","type-page","status-publish","hentry"],"yoast_head":"<!-- This site is optimized with the Yoast SEO plugin v28.3 - https:\/\/yoast.com\/product\/yoast-seo-wordpress\/ -->\n<title>Propuesta Educativa - Colegio Salesiano San Pedro<\/title>\n<meta name=\"robots\" content=\"index, follow, max-snippet:-1, max-image-preview:large, max-video-preview:-1\" \/>\n<link rel=\"canonical\" href=\"https:\/\/triana.salesianos.edu\/colegio\/propuesta-educativa\/\" \/>\n<meta property=\"og:locale\" content=\"es_ES\" \/>\n<meta property=\"og:type\" content=\"article\" \/>\n<meta property=\"og:title\" content=\"Propuesta Educativa - Colegio Salesiano San Pedro\" \/>\n<meta property=\"og:description\" content=\"\u00bfCu\u00e1l es nuestra finalidad? El Colegio Salesiano San Pedro, ubicado en el barrio de Triana de la ciudad de Sevilla, calle Condes de Bustillo n\u00ba17, e inscrito en el registro de la Consejeria de Educaci\u00f3n y Ciencia de Sevilla, es un centro escolar privado concertado que comprende los niveles de Educaci\u00f3n Infantil, Educaci\u00f3n Primaria, Educaci\u00f3n [&hellip;]\" \/>\n<meta property=\"og:url\" content=\"https:\/\/triana.salesianos.edu\/colegio\/propuesta-educativa\/\" \/>\n<meta property=\"og:site_name\" content=\"Colegio Salesiano San Pedro\" \/>\n<meta property=\"article:modified_time\" content=\"2026-03-11T20:46:35+00:00\" \/>\n<meta name=\"twitter:card\" content=\"summary_large_image\" \/>\n<meta name=\"twitter:label1\" content=\"Tiempo de lectura\" \/>\n\t<meta name=\"twitter:data1\" content=\"5 minutos\" \/>\n<script type=\"application\/ld+json\" class=\"yoast-schema-graph\">{\"@context\":\"https:\\\/\\\/schema.org\",\"@graph\":[{\"@type\":\"WebPage\",\"@id\":\"https:\\\/\\\/triana.salesianos.edu\\\/colegio\\\/propuesta-educativa\\\/\",\"url\":\"https:\\\/\\\/triana.salesianos.edu\\\/colegio\\\/propuesta-educativa\\\/\",\"name\":\"Propuesta Educativa - Colegio Salesiano San Pedro\",\"isPartOf\":{\"@id\":\"https:\\\/\\\/triana.salesianos.edu\\\/colegio\\\/#website\"},\"datePublished\":\"2017-11-16T23:30:41+00:00\",\"dateModified\":\"2026-03-11T20:46:35+00:00\",\"breadcrumb\":{\"@id\":\"https:\\\/\\\/triana.salesianos.edu\\\/colegio\\\/propuesta-educativa\\\/#breadcrumb\"},\"inLanguage\":\"es\",\"potentialAction\":[{\"@type\":\"ReadAction\",\"target\":[\"https:\\\/\\\/triana.salesianos.edu\\\/colegio\\\/propuesta-educativa\\\/\"]}]},{\"@type\":\"BreadcrumbList\",\"@id\":\"https:\\\/\\\/triana.salesianos.edu\\\/colegio\\\/propuesta-educativa\\\/#breadcrumb\",\"itemListElement\":[{\"@type\":\"ListItem\",\"position\":1,\"name\":\"Portada\",\"item\":\"https:\\\/\\\/triana.salesianos.edu\\\/colegio\\\/\"},{\"@type\":\"ListItem\",\"position\":2,\"name\":\"Propuesta Educativa\"}]},{\"@type\":\"WebSite\",\"@id\":\"https:\\\/\\\/triana.salesianos.edu\\\/colegio\\\/#website\",\"url\":\"https:\\\/\\\/triana.salesianos.edu\\\/colegio\\\/\",\"name\":\"Colegio Salesiano San Pedro\",\"description\":\"P\u00e1gina oficial Salesianos Triana Sevilla\",\"potentialAction\":[{\"@type\":\"SearchAction\",\"target\":{\"@type\":\"EntryPoint\",\"urlTemplate\":\"https:\\\/\\\/triana.salesianos.edu\\\/colegio\\\/?s={search_term_string}\"},\"query-input\":{\"@type\":\"PropertyValueSpecification\",\"valueRequired\":true,\"valueName\":\"search_term_string\"}}],\"inLanguage\":\"es\"}]}<\/script>\n<!-- \/ Yoast SEO plugin. -->","yoast_head_json":{"title":"Propuesta Educativa - Colegio Salesiano San Pedro","robots":{"index":"index","follow":"follow","max-snippet":"max-snippet:-1","max-image-preview":"max-image-preview:large","max-video-preview":"max-video-preview:-1"},"canonical":"https:\/\/triana.salesianos.edu\/colegio\/propuesta-educativa\/","og_locale":"es_ES","og_type":"article","og_title":"Propuesta Educativa - Colegio Salesiano San Pedro","og_description":"\u00bfCu\u00e1l es nuestra finalidad? El Colegio Salesiano San Pedro, ubicado en el barrio de Triana de la ciudad de Sevilla, calle Condes de Bustillo n\u00ba17, e inscrito en el registro de la Consejeria de Educaci\u00f3n y Ciencia de Sevilla, es un centro escolar privado concertado que comprende los niveles de Educaci\u00f3n Infantil, Educaci\u00f3n Primaria, Educaci\u00f3n [&hellip;]","og_url":"https:\/\/triana.salesianos.edu\/colegio\/propuesta-educativa\/","og_site_name":"Colegio Salesiano San Pedro","article_modified_time":"2026-03-11T20:46:35+00:00","twitter_card":"summary_large_image","twitter_misc":{"Tiempo de lectura":"5 minutos"},"schema":{"@context":"https:\/\/schema.org","@graph":[{"@type":"WebPage","@id":"https:\/\/triana.salesianos.edu\/colegio\/propuesta-educativa\/","url":"https:\/\/triana.salesianos.edu\/colegio\/propuesta-educativa\/","name":"Propuesta Educativa - Colegio Salesiano San Pedro","isPartOf":{"@id":"https:\/\/triana.salesianos.edu\/colegio\/#website"},"datePublished":"2017-11-16T23:30:41+00:00","dateModified":"2026-03-11T20:46:35+00:00","breadcrumb":{"@id":"https:\/\/triana.salesianos.edu\/colegio\/propuesta-educativa\/#breadcrumb"},"inLanguage":"es","potentialAction":[{"@type":"ReadAction","target":["https:\/\/triana.salesianos.edu\/colegio\/propuesta-educativa\/"]}]},{"@type":"BreadcrumbList","@id":"https:\/\/triana.salesianos.edu\/colegio\/propuesta-educativa\/#breadcrumb","itemListElement":[{"@type":"ListItem","position":1,"name":"Portada","item":"https:\/\/triana.salesianos.edu\/colegio\/"},{"@type":"ListItem","position":2,"name":"Propuesta Educativa"}]},{"@type":"WebSite","@id":"https:\/\/triana.salesianos.edu\/colegio\/#website","url":"https:\/\/triana.salesianos.edu\/colegio\/","name":"Colegio Salesiano San Pedro","description":"P\u00e1gina oficial Salesianos Triana Sevilla","potentialAction":[{"@type":"SearchAction","target":{"@type":"EntryPoint","urlTemplate":"https:\/\/triana.salesianos.edu\/colegio\/?s={search_term_string}"},"query-input":{"@type":"PropertyValueSpecification","valueRequired":true,"valueName":"search_term_string"}}],"inLanguage":"es"}]}},"_links":{"self":[{"href":"https:\/\/triana.salesianos.edu\/colegio\/wp-json\/wp\/v2\/pages\/4672","targetHints":{"allow":["GET"]}}],"collection":[{"href":"https:\/\/triana.salesianos.edu\/colegio\/wp-json\/wp\/v2\/pages"}],"about":[{"href":"https:\/\/triana.salesianos.edu\/colegio\/wp-json\/wp\/v2\/types\/page"}],"author":[{"embeddable":true,"href":"https:\/\/triana.salesianos.edu\/colegio\/wp-json\/wp\/v2\/users\/3"}],"replies":[{"embeddable":true,"href":"https:\/\/triana.salesianos.edu\/colegio\/wp-json\/wp\/v2\/comments?post=4672"}],"version-history":[{"count":10,"href":"https:\/\/triana.salesianos.edu\/colegio\/wp-json\/wp\/v2\/pages\/4672\/revisions"}],"predecessor-version":[{"id":25212,"href":"https:\/\/triana.salesianos.edu\/colegio\/wp-json\/wp\/v2\/pages\/4672\/revisions\/25212"}],"wp:attachment":[{"href":"https:\/\/triana.salesianos.edu\/colegio\/wp-json\/wp\/v2\/media?parent=4672"}],"curies":[{"name":"wp","href":"https:\/\/api.w.org\/{rel}","templated":true}]}}