{"id":23137,"date":"2021-06-02T10:59:42","date_gmt":"2021-06-02T09:59:42","guid":{"rendered":"https:\/\/triana.salesianos.edu\/colegio\/?page_id=23137"},"modified":"2026-03-26T13:25:44","modified_gmt":"2026-03-26T12:25:44","slug":"cfgs-desarrollo-de-aplicaciones-multiplataforma","status":"publish","type":"page","link":"https:\/\/triana.salesianos.edu\/colegio\/cfgs-desarrollo-de-aplicaciones-multiplataforma\/","title":{"rendered":"CFGS Desarrollo de Aplicaciones Multiplataforma"},"content":{"rendered":"<div id=\"fb-root\"><\/div>\n<p>[et_pb_section fb_built=\u00bb1&#8243; _builder_version=\u00bb4.16&#8243; _module_preset=\u00bbdefault\u00bb background_image=\u00bbhttps:\/\/triana.salesianos.edu\/colegio\/wp-content\/uploads\/sites\/2\/2021\/05\/encabezado_noticias_casa-min.png\u00bb custom_padding=\u00bb||0px|||\u00bb global_colors_info=\u00bb{}\u00bb][et_pb_row _builder_version=\u00bb4.16&#8243; _module_preset=\u00bbdefault\u00bb global_colors_info=\u00bb{}\u00bb][et_pb_column type=\u00bb4_4&#8243; _builder_version=\u00bb4.16&#8243; _module_preset=\u00bbdefault\u00bb global_colors_info=\u00bb{}\u00bb][et_pb_text admin_label=\u00bbNombre ciclo\u00bb _builder_version=\u00bb4.16&#8243; _module_preset=\u00bbdefault\u00bb header_text_align=\u00bbright\u00bb header_text_color=\u00bb#FFFFFF\u00bb header_font_size=\u00bb60px\u00bb custom_padding=\u00bb||||false|false\u00bb global_colors_info=\u00bb{}\u00bb]<\/p>\n<h1 style=\"text-align: left\"><strong>CFGS Desarrollo de Aplicaciones Multiplataforma<\/strong><\/h1>\n<p>[\/et_pb_text][\/et_pb_column][\/et_pb_row][et_pb_row column_structure=\u00bb1_2,1_2&#8243; _builder_version=\u00bb4.16&#8243; _module_preset=\u00bbdefault\u00bb global_colors_info=\u00bb{}\u00bb][et_pb_column type=\u00bb1_2&#8243; _builder_version=\u00bb4.16&#8243; _module_preset=\u00bbdefault\u00bb global_colors_info=\u00bb{}\u00bb][et_pb_text _builder_version=\u00bb4.16&#8243; _module_preset=\u00bbdefault\u00bb text_text_color=\u00bb#FFFFFF\u00bb header_3_text_color=\u00bb#FFFFFF\u00bb header_4_text_color=\u00bb#FFFFFF\u00bb background_enable_color=\u00bboff\u00bb global_colors_info=\u00bb{}\u00bb]<\/p>\n<h3><strong>CICLO DE GRADO SUPERIOR EN TRIANA<\/strong><\/h3>\n<div data-element=\"none\">\n<div class=\"azen azen1 azen2 azen3\">\n<p class=\"azen-univer-text az-contenteditable\"><span class=\"az-inline azh-context\">Vivimos un gran despliegue de nuevos dispositivos personales y de telefon\u00eda m\u00f3vil con acceso a internet, nuevas soluciones en el \u00e1mbito del Cloud Computing y la convergencia de redes de comunicaciones, que hacen que el acceso a todo tipo de informaci\u00f3n y aplicaciones, a la actividad laboral o de ocio, se produzca en cualquier momento y a trav\u00e9s de cualquier tipo de red y de plataforma.<\/span><\/p>\n<\/div>\n<\/div>\n<div data-element=\"empty rows\/2 columns.htm\">\n<div class=\"azen azen1 azen2 azen3\" data-column-padding=\"20\" data-background-image-mode=\"none\">\n<div class=\"azen-row\">\n<div class=\"azen-col-xs-12 azen-col-sm-12 azen-col-md-6 azen-col-lg-6 azen-col-xs-offset-0 azen-col-sm-offset-0 azen-col-md-offset-0 azen-col-lg-offset-0 az-elements-list\" data-cloneable=\"\">\n<div data-element=\"general\/image.htm\">\n<div data-element=\"empty rows\/2 columns.htm\">\n<div class=\"azen azen1 azen2 azen3\" data-column-padding=\"20\" data-background-image-mode=\"none\">\n<div class=\"azen-row\">\n<div class=\"azen-col-xs-12 azen-col-sm-12 azen-col-md-6 azen-col-lg-6 azen-col-xs-offset-0 azen-col-sm-offset-0 azen-col-md-offset-0 azen-col-lg-offset-0 az-elements-list\" data-cloneable=\"\">\n<div data-element=\"none\">\n<div class=\"azen azen1 azen2 azen3\">\n<p class=\"azen-univer-text az-contenteditable\"><span class=\"az-inline azh-context\">Las personas con este perfil profesional ejercen su actividad en entidades p\u00fablicas o privadas de cualquier tama\u00f1o, tanto por cuenta ajena como por cuenta propia, desempe\u00f1ando su trabajo en el \u00e1rea de desarrollo de aplicaciones inform\u00e1ticas multiplataforma en diversos \u00e1mbitos: gesti\u00f3n empresarial y de negocio, relaciones con clientes, educaci\u00f3n, ocio, dispositivos m\u00f3viles y entretenimiento, entre otros; aplicaciones desarrolladas e implantadas en entornos de alcance intranet, extranet e Internet; implantaci\u00f3n y adaptaci\u00f3n de sistemas de planificaci\u00f3n de recursos empresariales y de gesti\u00f3n de relaciones con clientes.<\/span><\/p>\n<\/div>\n<\/div>\n<\/div>\n<\/div>\n<\/div>\n<\/div>\n<\/div>\n<\/div>\n<\/div>\n<\/div>\n<\/div>\n<p>&nbsp;<\/p>\n<p>[\/et_pb_text][\/et_pb_column][et_pb_column type=\u00bb1_2&#8243; _builder_version=\u00bb4.16&#8243; _module_preset=\u00bbdefault\u00bb global_colors_info=\u00bb{}\u00bb][et_pb_video src=\u00bbhttps:\/\/youtu.be\/tleKNBY9dF4&#8243; admin_label=\u00bbvideo ciclo\u00bb _builder_version=\u00bb4.21.0&#8243; _module_preset=\u00bbdefault\u00bb global_colors_info=\u00bb{}\u00bb][\/et_pb_video][\/et_pb_column][\/et_pb_row][\/et_pb_section][et_pb_section fb_built=\u00bb1&#8243; _builder_version=\u00bb4.16&#8243; use_background_color_gradient=\u00bbon\u00bb background_color_gradient_stops=\u00bb#ffffff 0%|#efefef 100%\u00bb background_color_gradient_start=\u00bb#ffffff\u00bb background_color_gradient_end=\u00bb#efefef\u00bb bottom_divider_style=\u00bbwave2&#8243; bottom_divider_color=\u00bb#ffffff\u00bb bottom_divider_height=\u00bb50px\u00bb locked=\u00bboff\u00bb global_colors_info=\u00bb{}\u00bb][et_pb_row _builder_version=\u00bb4.16&#8243; locked=\u00bboff\u00bb global_colors_info=\u00bb{}\u00bb][et_pb_column type=\u00bb4_4&#8243; _builder_version=\u00bb4.16&#8243; custom_padding=\u00bb|||\u00bb global_colors_info=\u00bb{}\u00bb custom_padding__hover=\u00bb|||\u00bb][et_pb_text admin_label=\u00bbque aprenderas\u00bb _builder_version=\u00bb4.16&#8243; text_font=\u00bb|300|||||||\u00bb text_text_color=\u00bb#e02b20&#8243; text_font_size=\u00bb29px\u00bb header_2_font=\u00bbLato|300|||||||\u00bb header_2_font_size=\u00bb32px\u00bb custom_margin=\u00bb|||\u00bb custom_padding=\u00bb||15px|\u00bb global_colors_info=\u00bb{}\u00bb]<\/p>\n<h2 style=\"text-align: center\"><span style=\"font-weight: 400\">\u00bfQu\u00e9 aprender\u00e1s a hacer?<\/span><\/h2>\n<p>[\/et_pb_text][et_pb_text _builder_version=\u00bb4.16&#8243; text_font=\u00bb|300|on||||||\u00bb text_font_size=\u00bb18px\u00bb quote_font=\u00bb|300|on||||||\u00bb global_colors_info=\u00bb{}\u00bb]<\/p>\n<p>Aprender\u00e1s a desarrollar, implantar, documentar y mantener aplicaciones inform\u00e1ticas multiplataforma, utilizando tecnolog\u00edas y entornos de desarrollo espec\u00edficos, garantizando el acceso a los datos de forma segura y cumpliendo los criterios de \u00abusabilidad\u00bb y calidad exigidas en los est\u00e1ndares establecidos.<\/p>\n<p>Podr\u00e1s ejercer tu actividad en entidades p\u00fablicas o privadas de cualquier tama\u00f1o, tanto por cuenta ajena como por cuenta propia, desempe\u00f1ando su trabajo en el \u00e1rea de desarrollo de aplicaciones inform\u00e1ticas multiplataforma en diversos \u00e1mbitos: gesti\u00f3n empresarial y de negocio, relaciones con clientes, educaci\u00f3n, ocio, dispositivos m\u00f3viles y entretenimiento, entre otros; aplicaciones desarrolladas e implantadas en entornos de alcance intranet, extranet e Internet; implantaci\u00f3n y adaptaci\u00f3n de sistemas de planificaci\u00f3n de recursos empresariales y de gesti\u00f3n de relaciones con clientes.<\/p>\n<p>[\/et_pb_text][et_pb_divider show_divider=\u00bboff\u00bb _builder_version=\u00bb4.16&#8243; global_colors_info=\u00bb{}\u00bb][\/et_pb_divider][et_pb_tabs active_tab_background_color=\u00bb#FFFFFF\u00bb inactive_tab_background_color=\u00bb#E02B20&#8243; active_tab_text_color=\u00bb#E02B20&#8243; _builder_version=\u00bb4.16&#8243; tab_text_color=\u00bb#FFFFFF\u00bb border_radii=\u00bbon|20px|20px|20px|20px\u00bb border_color_all=\u00bb#E02B20&#8243; box_shadow_style=\u00bbpreset1&#8243; box_shadow_horizontal=\u00bb2px\u00bb box_shadow_blur=\u00bb9px\u00bb box_shadow_color=\u00bbrgba(0,0,0,0.1)\u00bb global_colors_info=\u00bb{}\u00bb][et_pb_tab title=\u00bbREQUISITOS DE ACCESO\u00bb _builder_version=\u00bb4.16&#8243; global_colors_info=\u00bb{}\u00bb]<\/p>\n<p class=\"azh-context\">Puedes acceder a un ciclo de\u00a0<span class=\"azh-context\">grado\u00a0<strong>superior\u00a0<\/strong><\/span>cuando re\u00fanas alguno de los siguientes requisitos:<\/p>\n<p class=\"azh-context\">Acceso\u00a0<strong><span class=\"azh-context\">directo<\/span><\/strong>:<\/p>\n<div class=\"azh-context\">\n<ul>\n<li>Estar en posesi\u00f3n del T\u00edtulo de Bachiller, o de un certificado acreditativo de haber superado todas las materias del Bachillerato.<\/li>\n<li>Haber superado el segundo curso de cualquier modalidad de Bachillerato experimental.<\/li>\n<li>Estar en posesi\u00f3n de un T\u00edtulo de T\u00e9cnico (Formaci\u00f3n Profesional de Grado Medio)*.<\/li>\n<li>Estar en posesi\u00f3n de un T\u00edtulo de T\u00e9cnico Superior, T\u00e9cnico Especialista o equivalente a efectos acad\u00e9micos.<\/li>\n<li>Haber superado el Curso de Orientaci\u00f3n Universitaria (COU).<\/li>\n<li>Estar en posesi\u00f3n de cualquier Titulaci\u00f3n Universitaria o equivalente.<\/li>\n<\/ul>\n<p>*Siempre que la demanda de plazas en ciclos formativos de grado superior supere la oferta, las Administraciones educativas podr\u00e1n establecer procedimientos de admisi\u00f3n al centro docente, de acuerdo con las condiciones que el Gobierno determine reglamentariamente.<\/p>\n<\/div>\n<p><span class=\"azh-context\">Acceso mediante\u00a0<\/span><strong><span class=\"azh-context\">prueba\u00a0<\/span><\/strong><span class=\"azh-context\">(para quienes no tengan alguno de los requisitos anteriores)<\/span>\u00a0<\/p>\n<div class=\"azh-context\">\n<ul>\n<li>Haber superado la prueba de acceso a ciclos formativos de grado superior (se requiere tener al menos 19 a\u00f1os en el a\u00f1o que se realiza la prueba o 18 para quienes poseen el t\u00edtulo de T\u00e9cnico).<\/li>\n<li>Haber superado la prueba de acceso a la Universidad para mayores de 25 a\u00f1os.<\/li>\n<\/ul>\n<\/div>\n<p>[\/et_pb_tab][et_pb_tab title=\u00bb\u00bfQU\u00c9 APRENDER\u00c9?\u00bb _builder_version=\u00bb4.16&#8243; global_colors_info=\u00bb{}\u00bb]<\/p>\n<p>En este ciclo har\u00e1s y aprender\u00e1s a:<\/p>\n<ul>\n<li>Configurar y explotar sistemas inform\u00e1ticos, adaptando la configuraci\u00f3n l\u00f3gica del sistema seg\u00fan las necesidades de uso y los criterios establecidos.<\/li>\n<li>Aplicar t\u00e9cnicas y procedimientos relacionados con la seguridad en sistemas, servicios y aplicaciones, cumpliendo el plan de seguridad.<\/li>\n<li>Gestionar bases de datos, interpretando su dise\u00f1o l\u00f3gico y verificando integridad, consistencia, seguridad y accesibilidad de los datos.<\/li>\n<li>Gestionar entornos de desarrollo adaptando su configuraci\u00f3n en cada caso para permitir el desarrollo y despliegue de aplicaciones.<\/li>\n<li>Desarrollar aplicaciones multiplataforma con acceso a bases de datos utilizando lenguajes, librer\u00edas y herramientas adecuados a las especificaciones.<\/li>\n<li>Integrar contenidos gr\u00e1ficos y componentes multimedia en aplicaciones multiplataforma, empleando herramientas espec\u00edficas y cumpliendo los requerimientos establecidos.<\/li>\n<li>Desarrollar interfaces gr\u00e1ficos de usuario interactivos y con la usabilidad adecuada, empleando componentes visuales est\u00e1ndar o implementando componentes visuales espec\u00edficos.<\/li>\n<li>Desarrollar aplicaciones para tel\u00e9fonos, PDA y otros dispositivos m\u00f3viles empleando t\u00e9cnicas y entornos de desarrollo espec\u00edficos.<\/li>\n<li>Desarrollar aplicaciones multiproceso y multihilo empleando librer\u00edas y t\u00e9cnicas de programaci\u00f3n espec\u00edficas.<\/li>\n<li>Participar en la implantaci\u00f3n de sistemas ERP-CRM evaluando la utilidad de cada uno de sus m\u00f3dulos.<\/li>\n<li>Gestionar la informaci\u00f3n almacenada en sistemas ERP-CRM garantizando su integridad.<\/li>\n<\/ul>\n<p>[\/et_pb_tab][et_pb_tab title=\u00bb\u00bfD\u00d3NDE PODR\u00c9 TRABAJAR?\u00bb _builder_version=\u00bb4.16&#8243; global_colors_info=\u00bb{}\u00bb]<\/p>\n<p>Al finalizar tus estudios puedes\u00a0<b>TRABAJAR<\/b>\u00a0en empresas tanto p\u00fablicas como privadas como:<\/p>\n<div>\n<div>\n<ul>\n<li>Desarrollando aplicaciones inform\u00e1ticas para la gesti\u00f3n empresarial y de negocio.<\/li>\n<li>Desarrollando aplicaciones de prop\u00f3sito general.<\/li>\n<li>Desarrollando aplicaciones en el \u00e1mbito del entretenimiento y la inform\u00e1tica m\u00f3vil.<\/li>\n<\/ul>\n<\/div>\n<\/div>\n<p>[\/et_pb_tab][et_pb_tab title=\u00bb\u00bfQU\u00c9 PODR\u00c9 ESTUDIAR DESPU\u00c9S?\u00bb _builder_version=\u00bb4.16&#8243; global_colors_info=\u00bb{}\u00bb]<\/p>\n<p>Si deseas continuar con tu formaci\u00f3n, con estos estudios se obtiene el\u00a0<b>t\u00edtulo de t\u00e9cnico o t\u00e9cnica superior<\/b>, que permite acceder:<\/p>\n<div>\n<div>\n<ul>\n<li>Cursos de especializaci\u00f3n profesional.<\/li>\n<li>Otro Ciclo de Formaci\u00f3n Profesional de Grado Superior con la posibilidad de establecer convalidaciones de m\u00f3dulos profesionales de acuerdo a la normativa vigente.<\/li>\n<li>Ense\u00f1anzas Universitarias con la posibilidad de establecer convalidaciones de acuerdo con la normativa vigente.<\/li>\n<\/ul>\n<\/div>\n<\/div>\n<p>[\/et_pb_tab][\/et_pb_tabs][et_pb_divider show_divider=\u00bboff\u00bb _builder_version=\u00bb4.16&#8243; global_colors_info=\u00bb{}\u00bb][\/et_pb_divider][\/et_pb_column][\/et_pb_row][\/et_pb_section][et_pb_section fb_built=\u00bb1&#8243; _builder_version=\u00bb4.16&#8243; use_background_color_gradient=\u00bbon\u00bb background_color_gradient_stops=\u00bb#ffffff 0%|#efefef 100%\u00bb background_color_gradient_start=\u00bb#ffffff\u00bb background_color_gradient_end=\u00bb#efefef\u00bb bottom_divider_style=\u00bbwave2&#8243; bottom_divider_color=\u00bb#ffffff\u00bb bottom_divider_height=\u00bb50px\u00bb locked=\u00bboff\u00bb collapsed=\u00bboff\u00bb global_colors_info=\u00bb{}\u00bb][et_pb_row _builder_version=\u00bb4.16&#8243; locked=\u00bboff\u00bb global_colors_info=\u00bb{}\u00bb][et_pb_column type=\u00bb4_4&#8243; _builder_version=\u00bb4.16&#8243; custom_padding=\u00bb|||\u00bb global_colors_info=\u00bb{}\u00bb custom_padding__hover=\u00bb|||\u00bb][et_pb_text admin_label=\u00bbFCT\u00bb _builder_version=\u00bb4.27.4&#8243; text_font=\u00bb|300|||||||\u00bb text_text_color=\u00bb#e02b20&#8243; text_font_size=\u00bb29px\u00bb header_2_font=\u00bbLato|300|||||||\u00bb header_2_font_size=\u00bb32px\u00bb custom_margin=\u00bb|||\u00bb custom_padding=\u00bb||15px|\u00bb global_colors_info=\u00bb{}\u00bb]<\/p>\n<h2 style=\"text-align: center;\">Fase de Formaci\u00f3n en Empresas u Organismos Equiparados (FFEOE)<\/h2>\n<p>[\/et_pb_text][et_pb_text _builder_version=\u00bb4.16&#8243; text_font=\u00bb|300|on||||||\u00bb text_font_size=\u00bb18px\u00bb quote_font=\u00bb|300|on||||||\u00bb global_colors_info=\u00bb{}\u00bb]<\/p>\n<p style=\"text-align: center\"><i><span style=\"font-weight: 400\">Contamos con una amplia cartera de empresas colaboradoras en las que los alumnos podr\u00e1n desarrollar los conocimientos y las habilidades adquiridas en un entorno laboral real.<\/span><\/i><\/p>\n<p>[\/et_pb_text][et_pb_divider show_divider=\u00bboff\u00bb _builder_version=\u00bb4.16&#8243; global_colors_info=\u00bb{}\u00bb][\/et_pb_divider][\/et_pb_column][\/et_pb_row][et_pb_row column_structure=\u00bb1_5,1_5,1_5,1_5,1_5&#8243; _builder_version=\u00bb4.16&#8243; _module_preset=\u00bbdefault\u00bb custom_margin=\u00bb-5px||||false|false\u00bb global_colors_info=\u00bb{}\u00bb][et_pb_column type=\u00bb1_5&#8243; _builder_version=\u00bb4.16&#8243; _module_preset=\u00bbdefault\u00bb global_colors_info=\u00bb{}\u00bb][et_pb_image src=\u00bbhttps:\/\/triana.salesianos.edu\/colegio\/wp-content\/uploads\/sites\/2\/2026\/03\/tactilware.png\u00bb title_text=\u00bbtactilware\u00bb _builder_version=\u00bb4.27.4&#8243; _module_preset=\u00bbdefault\u00bb hover_enabled=\u00bb0&#8243; global_colors_info=\u00bb{}\u00bb sticky_enabled=\u00bb0&#8243;][\/et_pb_image][et_pb_image src=\u00bbhttps:\/\/triana.salesianos.edu\/colegio\/wp-content\/uploads\/sites\/2\/2026\/03\/babel.png\u00bb title_text=\u00bbbabel\u00bb _builder_version=\u00bb4.27.4&#8243; _module_preset=\u00bbdefault\u00bb hover_enabled=\u00bb0&#8243; global_colors_info=\u00bb{}\u00bb sticky_enabled=\u00bb0&#8243;][\/et_pb_image][\/et_pb_column][et_pb_column type=\u00bb1_5&#8243; _builder_version=\u00bb4.16&#8243; _module_preset=\u00bbdefault\u00bb global_colors_info=\u00bb{}\u00bb][et_pb_image src=\u00bbhttps:\/\/triana.salesianos.edu\/colegio\/wp-content\/uploads\/sites\/2\/2026\/03\/grupo-vinafiel.png\u00bb title_text=\u00bbgrupo-vi\u00f1afiel\u00bb _builder_version=\u00bb4.27.4&#8243; _module_preset=\u00bbdefault\u00bb hover_enabled=\u00bb0&#8243; global_colors_info=\u00bb{}\u00bb sticky_enabled=\u00bb0&#8243;][\/et_pb_image][\/et_pb_column][et_pb_column type=\u00bb1_5&#8243; _builder_version=\u00bb4.16&#8243; _module_preset=\u00bbdefault\u00bb global_colors_info=\u00bb{}\u00bb][et_pb_image src=\u00bbhttps:\/\/triana.salesianos.edu\/colegio\/wp-content\/uploads\/sites\/2\/2026\/03\/aytosevilla-1.png\u00bb title_text=\u00bbaytosevilla\u00bb _builder_version=\u00bb4.27.4&#8243; _module_preset=\u00bbdefault\u00bb hover_enabled=\u00bb0&#8243; global_colors_info=\u00bb{}\u00bb sticky_enabled=\u00bb0&#8243;][\/et_pb_image][et_pb_image src=\u00bbhttps:\/\/triana.salesianos.edu\/colegio\/wp-content\/uploads\/sites\/2\/2026\/03\/applus.png\u00bb title_text=\u00bbapplus\u00bb _builder_version=\u00bb4.27.4&#8243; _module_preset=\u00bbdefault\u00bb hover_enabled=\u00bb0&#8243; global_colors_info=\u00bb{}\u00bb sticky_enabled=\u00bb0&#8243;][\/et_pb_image][\/et_pb_column][et_pb_column type=\u00bb1_5&#8243; _builder_version=\u00bb4.16&#8243; _module_preset=\u00bbdefault\u00bb global_colors_info=\u00bb{}\u00bb][et_pb_image src=\u00bbhttps:\/\/triana.salesianos.edu\/colegio\/wp-content\/uploads\/sites\/2\/2026\/03\/ayesa.jpg\u00bb title_text=\u00bbayesa\u00bb _builder_version=\u00bb4.27.4&#8243; _module_preset=\u00bbdefault\u00bb hover_enabled=\u00bb0&#8243; global_colors_info=\u00bb{}\u00bb sticky_enabled=\u00bb0&#8243;][\/et_pb_image][et_pb_image src=\u00bbhttps:\/\/triana.salesianos.edu\/colegio\/wp-content\/uploads\/sites\/2\/2026\/03\/noxium-1.jpeg\u00bb title_text=\u00bbnoxium\u00bb _builder_version=\u00bb4.27.4&#8243; _module_preset=\u00bbdefault\u00bb hover_enabled=\u00bb0&#8243; global_colors_info=\u00bb{}\u00bb sticky_enabled=\u00bb0&#8243;][\/et_pb_image][\/et_pb_column][et_pb_column type=\u00bb1_5&#8243; _builder_version=\u00bb4.16&#8243; _module_preset=\u00bbdefault\u00bb global_colors_info=\u00bb{}\u00bb][et_pb_image src=\u00bbhttps:\/\/triana.salesianos.edu\/colegio\/wp-content\/uploads\/sites\/2\/2026\/03\/ntt-data.png\u00bb title_text=\u00bbntt-data\u00bb _builder_version=\u00bb4.27.4&#8243; _module_preset=\u00bbdefault\u00bb hover_enabled=\u00bb0&#8243; global_colors_info=\u00bb{}\u00bb sticky_enabled=\u00bb0&#8243;][\/et_pb_image][et_pb_image src=\u00bbhttps:\/\/triana.salesianos.edu\/colegio\/wp-content\/uploads\/sites\/2\/2026\/03\/iberian-insurance.jpg\u00bb title_text=\u00bbiberian-insurance\u00bb _builder_version=\u00bb4.27.4&#8243; _module_preset=\u00bbdefault\u00bb hover_enabled=\u00bb0&#8243; global_colors_info=\u00bb{}\u00bb sticky_enabled=\u00bb0&#8243;][\/et_pb_image][\/et_pb_column][\/et_pb_row][\/et_pb_section][et_pb_section fb_built=\u00bb1&#8243; _builder_version=\u00bb4.16&#8243; use_background_color_gradient=\u00bbon\u00bb background_color_gradient_stops=\u00bb#ffffff 0%|#efefef 100%\u00bb background_color_gradient_start=\u00bb#ffffff\u00bb background_color_gradient_end=\u00bb#efefef\u00bb bottom_divider_style=\u00bbwave2&#8243; bottom_divider_color=\u00bb#ffffff\u00bb bottom_divider_height=\u00bb50px\u00bb locked=\u00bboff\u00bb collapsed=\u00bboff\u00bb global_colors_info=\u00bb{}\u00bb][et_pb_row _builder_version=\u00bb4.16&#8243; locked=\u00bboff\u00bb global_colors_info=\u00bb{}\u00bb][et_pb_column type=\u00bb4_4&#8243; _builder_version=\u00bb4.16&#8243; custom_padding=\u00bb|||\u00bb global_colors_info=\u00bb{}\u00bb custom_padding__hover=\u00bb|||\u00bb][et_pb_text admin_label=\u00bbPlan de estudios\u00bb _builder_version=\u00bb4.16&#8243; text_font=\u00bb|300|||||||\u00bb text_text_color=\u00bb#e02b20&#8243; text_font_size=\u00bb29px\u00bb header_2_font=\u00bbLato|300|||||||\u00bb header_2_font_size=\u00bb32px\u00bb custom_margin=\u00bb|||\u00bb custom_padding=\u00bb||15px|\u00bb global_colors_info=\u00bb{}\u00bb]<\/p>\n<h2 style=\"text-align: center\">Plan de Estudios<\/h2>\n<p>[\/et_pb_text][et_pb_text _builder_version=\u00bb4.16&#8243; text_font=\u00bb|300|on||||||\u00bb text_font_size=\u00bb18px\u00bb quote_font=\u00bb|300|on||||||\u00bb global_colors_info=\u00bb{}\u00bb]<\/p>\n<h4 style=\"text-align: center\"><i>El t\u00edtulo tiene una duraci\u00f3n de 2000 horas y comprende 2 cursos lectivos.<\/i><\/h4>\n<p>[\/et_pb_text][\/et_pb_column][\/et_pb_row][et_pb_row column_structure=\u00bb1_2,1_2&#8243; _builder_version=\u00bb4.16&#8243; locked=\u00bboff\u00bb global_colors_info=\u00bb{}\u00bb][et_pb_column type=\u00bb1_2&#8243; _builder_version=\u00bb4.16&#8243; custom_padding=\u00bb|||\u00bb global_colors_info=\u00bb{}\u00bb custom_padding__hover=\u00bb|||\u00bb][et_pb_text _builder_version=\u00bb4.16&#8243; text_font=\u00bb|300|on||||||\u00bb text_font_size=\u00bb18px\u00bb quote_font=\u00bb|300|on||||||\u00bb global_colors_info=\u00bb{}\u00bb]<\/p>\n<h3>Primer Curso<\/h3>\n<p class=\"azh-context\">El primer curso se desarrolla a lo largo de 3 trimestres en el centro educativo.<\/p>\n<div class=\"azh-context\">\n<ul>\n<li>Bases de datos<\/li>\n<li>Lenguajes de Marcas y Sistemas de Gesti\u00f3n de la Informaci\u00f3n<\/li>\n<li>Programaci\u00f3n<\/li>\n<li>Entornos de Desarrollo<\/li>\n<li>Sistemas Inform\u00e1ticos<\/li>\n<li>Digitalizaci\u00f3n aplicada al sector productivo<\/li>\n<li>Sostenibilidad aplicada al sistema productivo<\/li>\n<li>Itinerario Personal para la Empleabilidad I<\/li>\n<\/ul>\n<\/div>\n<p>[\/et_pb_text][\/et_pb_column][et_pb_column type=\u00bb1_2&#8243; _builder_version=\u00bb4.16&#8243; custom_padding=\u00bb|||\u00bb global_colors_info=\u00bb{}\u00bb custom_padding__hover=\u00bb|||\u00bb][et_pb_text _builder_version=\u00bb4.16&#8243; text_font=\u00bb|300|on||||||\u00bb text_font_size=\u00bb18px\u00bb quote_font=\u00bb|300|on||||||\u00bb global_colors_info=\u00bb{}\u00bb]<\/p>\n<h3>Segundo Curso<\/h3>\n<p class=\"azh-context\">La primera parte del segundo curso se desarrolla a lo largo de 2 trimestre en el centro educativo<\/p>\n<div class=\"azh-context\">\n<ul>\n<li>Programaci\u00f3n multimedia y dispositivo m\u00f3viles<\/li>\n<li>Desarrollo de Interfaces<\/li>\n<li>Sistemas de Gesti\u00f3n Empresarial<\/li>\n<li>Acceso a datos<\/li>\n<li>Programaci\u00f3n de Servicios y Procesos<\/li>\n<li>Fundamentos de Programaci\u00f3n<\/li>\n<li>Itinerario Personal para la Empleabilidad II<\/li>\n<li><span style=\"font-size: 18px;\">Ingl\u00e9s profesional<\/span><\/li>\n<li>Proyecto Intermodular<span style=\"font-size: 18px;\"><\/span><\/li>\n<\/ul>\n<\/div>\n<p class=\"azh-context\">Posteriormente, desde finales de Marzo hasta el mes de Junio, se desarrolla el m\u00f3dulo de\u00a0<strong><span class=\"azh-context\">Formaci\u00f3n en Centros de Trabajo<\/span><\/strong>\u00a0(que se realiza en una empresa del sector productivo)\u00a0\u00a0y el de\u00a0<strong>Proyecto de Desarrollo de Aplicaciones Multiplataformas<\/strong>\u00a0(que se desarrolla en el centro educativo).<\/p>\n<p>[\/et_pb_text][\/et_pb_column][\/et_pb_row][\/et_pb_section][et_pb_section fb_built=\u00bb1&#8243; admin_label=\u00bbpor qu\u00e9 estudiar\u00bb module_class=\u00bbpagina-seccion-contenido\u00bb _builder_version=\u00bb4.16&#8243; use_background_color_gradient=\u00bbon\u00bb background_color_gradient_stops=\u00bb#ffffff 0%|#efefef 100%\u00bb background_color_gradient_start=\u00bb#ffffff\u00bb background_color_gradient_end=\u00bb#efefef\u00bb top_divider_color=\u00bb#ffffff\u00bb top_divider_height=\u00bb30px\u00bb bottom_divider_style=\u00bbwave2&#8243; bottom_divider_color=\u00bb#ffffff\u00bb bottom_divider_height=\u00bb50px\u00bb transparent_background=\u00bboff\u00bb make_fullwidth=\u00bboff\u00bb use_custom_width=\u00bboff\u00bb width_unit=\u00bbon\u00bb locked=\u00bboff\u00bb collapsed=\u00bbon\u00bb global_colors_info=\u00bb{}\u00bb][et_pb_row _builder_version=\u00bb4.16&#8243; global_colors_info=\u00bb{}\u00bb][et_pb_column type=\u00bb4_4&#8243; _builder_version=\u00bb4.16&#8243; custom_padding=\u00bb|||\u00bb global_colors_info=\u00bb{}\u00bb custom_padding__hover=\u00bb|||\u00bb][et_pb_text admin_label=\u00bbpor qu\u00e9 estudiar\u00bb _builder_version=\u00bb4.16&#8243; text_font=\u00bb|300|||||||\u00bb text_text_color=\u00bb#e02b20&#8243; text_font_size=\u00bb29px\u00bb header_2_font=\u00bbLato|300|||||||\u00bb header_2_font_size=\u00bb32px\u00bb custom_margin=\u00bb|||\u00bb custom_padding=\u00bb||15px|\u00bb global_colors_info=\u00bb{}\u00bb]<\/p>\n<h2 style=\"text-align: center\"><b>RAZONES PARA ESTUDIAR FP<\/b><\/h2>\n<h2 style=\"text-align: center\">EN SALESIANOS TRIANA<\/h2>\n<p>[\/et_pb_text][et_pb_text _builder_version=\u00bb4.16&#8243; text_font=\u00bb|300|on||||||\u00bb text_font_size=\u00bb18px\u00bb quote_font=\u00bb|300|on||||||\u00bb global_colors_info=\u00bb{}\u00bb]<\/p>\n<p style=\"text-align: center\"><em><span style=\"font-weight: 400\">Los ciclos formativos son unos estudios muy pr\u00e1cticos y motivadores. <strong>\u00a1Ven y disfruta aprendiendo!<\/strong><\/span><\/em><\/p>\n<p>[\/et_pb_text][\/et_pb_column][\/et_pb_row][et_pb_row column_structure=\u00bb1_2,1_2&#8243; _builder_version=\u00bb4.16&#8243; global_colors_info=\u00bb{}\u00bb][et_pb_column type=\u00bb1_2&#8243; _builder_version=\u00bb4.16&#8243; custom_padding=\u00bb|||\u00bb global_colors_info=\u00bb{}\u00bb custom_padding__hover=\u00bb|||\u00bb][et_pb_blurb title=\u00bbMEJOR OPCI\u00d3N PARA TRABAJAR\u00bb url_new_window=\u00bbon\u00bb use_icon=\u00bbon\u00bb font_icon=\u00bb&#xe106;||divi||400&#8243; icon_color=\u00bb#e02b20&#8243; icon_placement=\u00bbleft\u00bb image_icon_width=\u00bb74px\u00bb content_max_width=\u00bb825px\u00bb admin_label=\u00bbmejor opcion\u00bb module_class=\u00bbGrow\u00bb _builder_version=\u00bb4.16&#8243; header_level=\u00bbh3&#8243; header_font=\u00bb|300|||||||\u00bb header_font_size=\u00bb21px\u00bb body_font_size=\u00bb15px\u00bb body_line_height=\u00bb1.3em\u00bb text_orientation=\u00bbcenter\u00bb custom_padding=\u00bb||10px|\u00bb z_index_tablet=\u00bb500&#8243; header_text_shadow_horizontal_length_tablet=\u00bb0px\u00bb header_text_shadow_vertical_length_tablet=\u00bb0px\u00bb header_text_shadow_blur_strength_tablet=\u00bb1px\u00bb body_text_shadow_horizontal_length_tablet=\u00bb0px\u00bb body_text_shadow_vertical_length_tablet=\u00bb0px\u00bb body_text_shadow_blur_strength_tablet=\u00bb1px\u00bb body_link_text_shadow_horizontal_length_tablet=\u00bb0px\u00bb body_link_text_shadow_vertical_length_tablet=\u00bb0px\u00bb body_link_text_shadow_blur_strength_tablet=\u00bb1px\u00bb body_ul_text_shadow_horizontal_length_tablet=\u00bb0px\u00bb body_ul_text_shadow_vertical_length_tablet=\u00bb0px\u00bb body_ul_text_shadow_blur_strength_tablet=\u00bb1px\u00bb body_ol_text_shadow_horizontal_length_tablet=\u00bb0px\u00bb body_ol_text_shadow_vertical_length_tablet=\u00bb0px\u00bb body_ol_text_shadow_blur_strength_tablet=\u00bb1px\u00bb body_quote_text_shadow_horizontal_length_tablet=\u00bb0px\u00bb body_quote_text_shadow_vertical_length_tablet=\u00bb0px\u00bb body_quote_text_shadow_blur_strength_tablet=\u00bb1px\u00bb box_shadow_horizontal_tablet=\u00bb0px\u00bb box_shadow_vertical_tablet=\u00bb0px\u00bb box_shadow_blur_tablet=\u00bb40px\u00bb box_shadow_spread_tablet=\u00bb0px\u00bb box_shadow_horizontal_image_tablet=\u00bb0px\u00bb box_shadow_vertical_image_tablet=\u00bb0px\u00bb box_shadow_blur_image_tablet=\u00bb40px\u00bb box_shadow_spread_image_tablet=\u00bb0px\u00bb text_shadow_horizontal_length_tablet=\u00bb0px\u00bb text_shadow_vertical_length_tablet=\u00bb0px\u00bb text_shadow_blur_strength_tablet=\u00bb1px\u00bb icon_font_size=\u00bb74px\u00bb global_colors_info=\u00bb{}\u00bb]<\/p>\n<p><span style=\"font-weight: 400\">La Formaci\u00f3n Profesional es una modalidad muy demandada por las empresas que necesitan perfiles t\u00e9cnicos muy formados.<\/span><\/p>\n<p><span style=\"font-weight: 400\">La metodolog\u00eda es totalmente pr\u00e1ctica y real, motiva a los alumnos en el aprendizaje ya que hacen aquello que realmente les gusta.<\/span><\/p>\n<p>&nbsp;<\/p>\n<p>[\/et_pb_blurb][\/et_pb_column][et_pb_column type=\u00bb1_2&#8243; _builder_version=\u00bb4.16&#8243; custom_padding=\u00bb|||\u00bb global_colors_info=\u00bb{}\u00bb custom_padding__hover=\u00bb|||\u00bb][et_pb_blurb title=\u00bbFormaci\u00f3n en Centros de Trabajo\u00bb url_new_window=\u00bbon\u00bb use_icon=\u00bbon\u00bb font_icon=\u00bb&#xe102;||divi||400&#8243; icon_color=\u00bb#e02b20&#8243; icon_placement=\u00bbleft\u00bb image_icon_width=\u00bb74px\u00bb content_max_width=\u00bb825px\u00bb admin_label=\u00bbfct\u00bb module_class=\u00bbGrow\u00bb _builder_version=\u00bb4.16&#8243; header_level=\u00bbh3&#8243; header_font=\u00bb|300|||||||\u00bb header_font_size=\u00bb21px\u00bb body_font_size=\u00bb15px\u00bb body_line_height=\u00bb1.3em\u00bb text_orientation=\u00bbcenter\u00bb custom_padding=\u00bb||10px|\u00bb z_index_tablet=\u00bb500&#8243; header_text_shadow_horizontal_length_tablet=\u00bb0px\u00bb header_text_shadow_vertical_length_tablet=\u00bb0px\u00bb header_text_shadow_blur_strength_tablet=\u00bb1px\u00bb body_text_shadow_horizontal_length_tablet=\u00bb0px\u00bb body_text_shadow_vertical_length_tablet=\u00bb0px\u00bb body_text_shadow_blur_strength_tablet=\u00bb1px\u00bb body_link_text_shadow_horizontal_length_tablet=\u00bb0px\u00bb body_link_text_shadow_vertical_length_tablet=\u00bb0px\u00bb body_link_text_shadow_blur_strength_tablet=\u00bb1px\u00bb body_ul_text_shadow_horizontal_length_tablet=\u00bb0px\u00bb body_ul_text_shadow_vertical_length_tablet=\u00bb0px\u00bb body_ul_text_shadow_blur_strength_tablet=\u00bb1px\u00bb body_ol_text_shadow_horizontal_length_tablet=\u00bb0px\u00bb body_ol_text_shadow_vertical_length_tablet=\u00bb0px\u00bb body_ol_text_shadow_blur_strength_tablet=\u00bb1px\u00bb body_quote_text_shadow_horizontal_length_tablet=\u00bb0px\u00bb body_quote_text_shadow_vertical_length_tablet=\u00bb0px\u00bb body_quote_text_shadow_blur_strength_tablet=\u00bb1px\u00bb box_shadow_horizontal_tablet=\u00bb0px\u00bb box_shadow_vertical_tablet=\u00bb0px\u00bb box_shadow_blur_tablet=\u00bb40px\u00bb box_shadow_spread_tablet=\u00bb0px\u00bb box_shadow_horizontal_image_tablet=\u00bb0px\u00bb box_shadow_vertical_image_tablet=\u00bb0px\u00bb box_shadow_blur_image_tablet=\u00bb40px\u00bb box_shadow_spread_image_tablet=\u00bb0px\u00bb text_shadow_horizontal_length_tablet=\u00bb0px\u00bb text_shadow_vertical_length_tablet=\u00bb0px\u00bb text_shadow_blur_strength_tablet=\u00bb1px\u00bb icon_font_size=\u00bb74px\u00bb global_colors_info=\u00bb{}\u00bb]<\/p>\n<p><span style=\"font-weight: 400\">Al finalizar los m\u00f3dulos profesionales en el centro, podr\u00e1s poner en pr\u00e1ctica todo lo aprendido en un entorno de trabajo real. Contamos con una amplia cartera de empresas colaboradoras en diferentes \u00e1mbitos del sector profesional.<\/span><\/p>\n<p>&nbsp;<\/p>\n<p>[\/et_pb_blurb][\/et_pb_column][\/et_pb_row][et_pb_row column_structure=\u00bb1_2,1_2&#8243; _builder_version=\u00bb4.16&#8243; global_colors_info=\u00bb{}\u00bb][et_pb_column type=\u00bb1_2&#8243; _builder_version=\u00bb4.16&#8243; custom_padding=\u00bb|||\u00bb global_colors_info=\u00bb{}\u00bb custom_padding__hover=\u00bb|||\u00bb][et_pb_blurb title=\u00bbINSTALACIONES Y EQUIPAMIENTOS\u00bb url_new_window=\u00bbon\u00bb use_icon=\u00bbon\u00bb font_icon=\u00bb&#xe0ef;||divi||400&#8243; icon_color=\u00bb#e02b20&#8243; icon_placement=\u00bbleft\u00bb image_icon_width=\u00bb74px\u00bb content_max_width=\u00bb825px\u00bb admin_label=\u00bbinstalaciones\u00bb module_class=\u00bbGrow\u00bb _builder_version=\u00bb4.16&#8243; header_level=\u00bbh3&#8243; header_font=\u00bb|300|||||||\u00bb header_font_size=\u00bb21px\u00bb body_font_size=\u00bb15px\u00bb body_line_height=\u00bb1.3em\u00bb text_orientation=\u00bbcenter\u00bb custom_padding=\u00bb||10px|\u00bb z_index_tablet=\u00bb500&#8243; header_text_shadow_horizontal_length_tablet=\u00bb0px\u00bb header_text_shadow_vertical_length_tablet=\u00bb0px\u00bb header_text_shadow_blur_strength_tablet=\u00bb1px\u00bb body_text_shadow_horizontal_length_tablet=\u00bb0px\u00bb body_text_shadow_vertical_length_tablet=\u00bb0px\u00bb body_text_shadow_blur_strength_tablet=\u00bb1px\u00bb body_link_text_shadow_horizontal_length_tablet=\u00bb0px\u00bb body_link_text_shadow_vertical_length_tablet=\u00bb0px\u00bb body_link_text_shadow_blur_strength_tablet=\u00bb1px\u00bb body_ul_text_shadow_horizontal_length_tablet=\u00bb0px\u00bb body_ul_text_shadow_vertical_length_tablet=\u00bb0px\u00bb body_ul_text_shadow_blur_strength_tablet=\u00bb1px\u00bb body_ol_text_shadow_horizontal_length_tablet=\u00bb0px\u00bb body_ol_text_shadow_vertical_length_tablet=\u00bb0px\u00bb body_ol_text_shadow_blur_strength_tablet=\u00bb1px\u00bb body_quote_text_shadow_horizontal_length_tablet=\u00bb0px\u00bb body_quote_text_shadow_vertical_length_tablet=\u00bb0px\u00bb body_quote_text_shadow_blur_strength_tablet=\u00bb1px\u00bb box_shadow_horizontal_tablet=\u00bb0px\u00bb box_shadow_vertical_tablet=\u00bb0px\u00bb box_shadow_blur_tablet=\u00bb40px\u00bb box_shadow_spread_tablet=\u00bb0px\u00bb box_shadow_horizontal_image_tablet=\u00bb0px\u00bb box_shadow_vertical_image_tablet=\u00bb0px\u00bb box_shadow_blur_image_tablet=\u00bb40px\u00bb box_shadow_spread_image_tablet=\u00bb0px\u00bb text_shadow_horizontal_length_tablet=\u00bb0px\u00bb text_shadow_vertical_length_tablet=\u00bb0px\u00bb text_shadow_blur_strength_tablet=\u00bb1px\u00bb icon_font_size=\u00bb74px\u00bb global_colors_info=\u00bb{}\u00bb]<\/p>\n<p><span style=\"font-weight: 400\">Disponemos de talleres e instalaciones equipadas con los \u00faltimos adelantos tecnol\u00f3gicos. Nos desplazamos a la empresa para estar al d\u00eda de las innovaciones en el sector.<\/span><\/p>\n<p>&nbsp;<\/p>\n<p>[\/et_pb_blurb][\/et_pb_column][et_pb_column type=\u00bb1_2&#8243; _builder_version=\u00bb4.16&#8243; custom_padding=\u00bb|||\u00bb global_colors_info=\u00bb{}\u00bb custom_padding__hover=\u00bb|||\u00bb][et_pb_blurb title=\u00bbAPRENDIZAJE COOPERATIVO\u00bb url_new_window=\u00bbon\u00bb use_icon=\u00bbon\u00bb font_icon=\u00bb&#xe104;||divi||400&#8243; icon_color=\u00bb#e02b20&#8243; icon_placement=\u00bbleft\u00bb image_icon_width=\u00bb74px\u00bb content_max_width=\u00bb825px\u00bb admin_label=\u00bbcooperativo\u00bb module_class=\u00bbGrow\u00bb _builder_version=\u00bb4.16&#8243; header_level=\u00bbh3&#8243; header_font=\u00bb|300|||||||\u00bb header_font_size=\u00bb21px\u00bb body_font_size=\u00bb15px\u00bb body_line_height=\u00bb1.3em\u00bb text_orientation=\u00bbcenter\u00bb custom_padding=\u00bb||10px|\u00bb z_index_tablet=\u00bb500&#8243; header_text_shadow_horizontal_length_tablet=\u00bb0px\u00bb header_text_shadow_vertical_length_tablet=\u00bb0px\u00bb header_text_shadow_blur_strength_tablet=\u00bb1px\u00bb body_text_shadow_horizontal_length_tablet=\u00bb0px\u00bb body_text_shadow_vertical_length_tablet=\u00bb0px\u00bb body_text_shadow_blur_strength_tablet=\u00bb1px\u00bb body_link_text_shadow_horizontal_length_tablet=\u00bb0px\u00bb body_link_text_shadow_vertical_length_tablet=\u00bb0px\u00bb body_link_text_shadow_blur_strength_tablet=\u00bb1px\u00bb body_ul_text_shadow_horizontal_length_tablet=\u00bb0px\u00bb body_ul_text_shadow_vertical_length_tablet=\u00bb0px\u00bb body_ul_text_shadow_blur_strength_tablet=\u00bb1px\u00bb body_ol_text_shadow_horizontal_length_tablet=\u00bb0px\u00bb body_ol_text_shadow_vertical_length_tablet=\u00bb0px\u00bb body_ol_text_shadow_blur_strength_tablet=\u00bb1px\u00bb body_quote_text_shadow_horizontal_length_tablet=\u00bb0px\u00bb body_quote_text_shadow_vertical_length_tablet=\u00bb0px\u00bb body_quote_text_shadow_blur_strength_tablet=\u00bb1px\u00bb box_shadow_horizontal_tablet=\u00bb0px\u00bb box_shadow_vertical_tablet=\u00bb0px\u00bb box_shadow_blur_tablet=\u00bb40px\u00bb box_shadow_spread_tablet=\u00bb0px\u00bb box_shadow_horizontal_image_tablet=\u00bb0px\u00bb box_shadow_vertical_image_tablet=\u00bb0px\u00bb box_shadow_blur_image_tablet=\u00bb40px\u00bb box_shadow_spread_image_tablet=\u00bb0px\u00bb text_shadow_horizontal_length_tablet=\u00bb0px\u00bb text_shadow_vertical_length_tablet=\u00bb0px\u00bb text_shadow_blur_strength_tablet=\u00bb1px\u00bb icon_font_size=\u00bb74px\u00bb global_colors_info=\u00bb{}\u00bb]<\/p>\n<p><span style=\"font-weight: 400\">Trabajamos con la metodolog\u00eda de Aprendizaje Cooperativo que potencia el esp\u00edritu cr\u00edtico y la autonom\u00eda de los estudiantes en un entorno colaborativo.<\/span><\/p>\n<p>[\/et_pb_blurb][\/et_pb_column][\/et_pb_row][et_pb_row column_structure=\u00bb1_2,1_2&#8243; _builder_version=\u00bb4.16&#8243; global_colors_info=\u00bb{}\u00bb][et_pb_column type=\u00bb1_2&#8243; _builder_version=\u00bb4.16&#8243; custom_padding=\u00bb|||\u00bb global_colors_info=\u00bb{}\u00bb custom_padding__hover=\u00bb|||\u00bb][et_pb_blurb title=\u00bbPOSIBILIDAD DE IR AL EXTRANJERO\u00bb url_new_window=\u00bbon\u00bb use_icon=\u00bbon\u00bb font_icon=\u00bb&#x77;||divi||400&#8243; icon_color=\u00bb#e02b20&#8243; icon_placement=\u00bbleft\u00bb image_icon_width=\u00bb74px\u00bb content_max_width=\u00bb825px\u00bb admin_label=\u00bberasmus\u00bb module_class=\u00bbGrow\u00bb _builder_version=\u00bb4.16&#8243; header_level=\u00bbh3&#8243; header_font=\u00bb|300|||||||\u00bb header_font_size=\u00bb21px\u00bb body_font_size=\u00bb15px\u00bb body_line_height=\u00bb1.3em\u00bb text_orientation=\u00bbcenter\u00bb custom_padding=\u00bb||10px|\u00bb z_index_tablet=\u00bb500&#8243; header_text_shadow_horizontal_length_tablet=\u00bb0px\u00bb header_text_shadow_vertical_length_tablet=\u00bb0px\u00bb header_text_shadow_blur_strength_tablet=\u00bb1px\u00bb body_text_shadow_horizontal_length_tablet=\u00bb0px\u00bb body_text_shadow_vertical_length_tablet=\u00bb0px\u00bb body_text_shadow_blur_strength_tablet=\u00bb1px\u00bb body_link_text_shadow_horizontal_length_tablet=\u00bb0px\u00bb body_link_text_shadow_vertical_length_tablet=\u00bb0px\u00bb body_link_text_shadow_blur_strength_tablet=\u00bb1px\u00bb body_ul_text_shadow_horizontal_length_tablet=\u00bb0px\u00bb body_ul_text_shadow_vertical_length_tablet=\u00bb0px\u00bb body_ul_text_shadow_blur_strength_tablet=\u00bb1px\u00bb body_ol_text_shadow_horizontal_length_tablet=\u00bb0px\u00bb body_ol_text_shadow_vertical_length_tablet=\u00bb0px\u00bb body_ol_text_shadow_blur_strength_tablet=\u00bb1px\u00bb body_quote_text_shadow_horizontal_length_tablet=\u00bb0px\u00bb body_quote_text_shadow_vertical_length_tablet=\u00bb0px\u00bb body_quote_text_shadow_blur_strength_tablet=\u00bb1px\u00bb box_shadow_horizontal_tablet=\u00bb0px\u00bb box_shadow_vertical_tablet=\u00bb0px\u00bb box_shadow_blur_tablet=\u00bb40px\u00bb box_shadow_spread_tablet=\u00bb0px\u00bb box_shadow_horizontal_image_tablet=\u00bb0px\u00bb box_shadow_vertical_image_tablet=\u00bb0px\u00bb box_shadow_blur_image_tablet=\u00bb40px\u00bb box_shadow_spread_image_tablet=\u00bb0px\u00bb text_shadow_horizontal_length_tablet=\u00bb0px\u00bb text_shadow_vertical_length_tablet=\u00bb0px\u00bb text_shadow_blur_strength_tablet=\u00bb1px\u00bb icon_font_size=\u00bb74px\u00bb global_colors_info=\u00bb{}\u00bb]<\/p>\n<p><span style=\"font-weight: 400\">Los alumnos realizan intercambios con otras escuelas europeas y les ofrecemos la posibilidad de hacer una estancia pr\u00e1ctica en empresas en el extranjero.<\/span><\/p>\n<p><span style=\"font-weight: 400\">Promovemos los intercambios con otras escuelas europeas y la inserci\u00f3n laboral en otros pa\u00edses. Ofrecemos la posibilidad de hacer las pr\u00e1cticas de empresa en el extranjero.<\/span><\/p>\n<p>&nbsp;<\/p>\n<p>[\/et_pb_blurb][\/et_pb_column][et_pb_column type=\u00bb1_2&#8243; _builder_version=\u00bb4.16&#8243; custom_padding=\u00bb|||\u00bb global_colors_info=\u00bb{}\u00bb custom_padding__hover=\u00bb|||\u00bb][et_pb_blurb title=\u00bbCONTACTO CON LAS EMPRESAS\u00bb url_new_window=\u00bbon\u00bb use_icon=\u00bbon\u00bb font_icon=\u00bb&#xe108;||divi||400&#8243; icon_color=\u00bb#e02b20&#8243; icon_placement=\u00bbleft\u00bb image_icon_width=\u00bb74px\u00bb content_max_width=\u00bb825px\u00bb admin_label=\u00bbbolsa trabajo\u00bb module_class=\u00bbGrow\u00bb _builder_version=\u00bb4.16&#8243; header_level=\u00bbh3&#8243; header_font=\u00bb|300|||||||\u00bb header_font_size=\u00bb21px\u00bb body_font_size=\u00bb15px\u00bb body_line_height=\u00bb1.3em\u00bb text_orientation=\u00bbcenter\u00bb custom_padding=\u00bb||10px|\u00bb z_index_tablet=\u00bb500&#8243; header_text_shadow_horizontal_length_tablet=\u00bb0px\u00bb header_text_shadow_vertical_length_tablet=\u00bb0px\u00bb header_text_shadow_blur_strength_tablet=\u00bb1px\u00bb body_text_shadow_horizontal_length_tablet=\u00bb0px\u00bb body_text_shadow_vertical_length_tablet=\u00bb0px\u00bb body_text_shadow_blur_strength_tablet=\u00bb1px\u00bb body_link_text_shadow_horizontal_length_tablet=\u00bb0px\u00bb body_link_text_shadow_vertical_length_tablet=\u00bb0px\u00bb body_link_text_shadow_blur_strength_tablet=\u00bb1px\u00bb body_ul_text_shadow_horizontal_length_tablet=\u00bb0px\u00bb body_ul_text_shadow_vertical_length_tablet=\u00bb0px\u00bb body_ul_text_shadow_blur_strength_tablet=\u00bb1px\u00bb body_ol_text_shadow_horizontal_length_tablet=\u00bb0px\u00bb body_ol_text_shadow_vertical_length_tablet=\u00bb0px\u00bb body_ol_text_shadow_blur_strength_tablet=\u00bb1px\u00bb body_quote_text_shadow_horizontal_length_tablet=\u00bb0px\u00bb body_quote_text_shadow_vertical_length_tablet=\u00bb0px\u00bb body_quote_text_shadow_blur_strength_tablet=\u00bb1px\u00bb box_shadow_horizontal_tablet=\u00bb0px\u00bb box_shadow_vertical_tablet=\u00bb0px\u00bb box_shadow_blur_tablet=\u00bb40px\u00bb box_shadow_spread_tablet=\u00bb0px\u00bb box_shadow_horizontal_image_tablet=\u00bb0px\u00bb box_shadow_vertical_image_tablet=\u00bb0px\u00bb box_shadow_blur_image_tablet=\u00bb40px\u00bb box_shadow_spread_image_tablet=\u00bb0px\u00bb text_shadow_horizontal_length_tablet=\u00bb0px\u00bb text_shadow_vertical_length_tablet=\u00bb0px\u00bb text_shadow_blur_strength_tablet=\u00bb1px\u00bb icon_font_size=\u00bb74px\u00bb global_colors_info=\u00bb{}\u00bb]<\/p>\n<p><span style=\"font-weight: 400\">Ponemos a nuestros alumnos en contacto con las empresas cuando \u00e9stas nos solicitan alg\u00fan perfil determinado para incorporar a sus plantillas.<\/span><\/p>\n<p>[\/et_pb_blurb][\/et_pb_column][\/et_pb_row][\/et_pb_section][et_pb_section fb_built=\u00bb1&#8243; disabled_on=\u00bboff|off|off\u00bb admin_label=\u00bbcriterios\u00bb module_class=\u00bbpagina-seccion-contenido\u00bb _builder_version=\u00bb4.16&#8243; use_background_color_gradient=\u00bbon\u00bb background_color_gradient_stops=\u00bb#ffffff 0%|#efefef 100%\u00bb background_color_gradient_start=\u00bb#ffffff\u00bb background_color_gradient_end=\u00bb#efefef\u00bb top_divider_color=\u00bb#ffffff\u00bb top_divider_height=\u00bb30px\u00bb bottom_divider_style=\u00bbwave2&#8243; bottom_divider_color=\u00bb#ffffff\u00bb bottom_divider_height=\u00bb50px\u00bb transparent_background=\u00bboff\u00bb make_fullwidth=\u00bboff\u00bb use_custom_width=\u00bboff\u00bb width_unit=\u00bbon\u00bb locked=\u00bboff\u00bb collapsed=\u00bboff\u00bb global_colors_info=\u00bb{}\u00bb][et_pb_row _builder_version=\u00bb4.16&#8243; locked=\u00bboff\u00bb global_colors_info=\u00bb{}\u00bb][et_pb_column type=\u00bb4_4&#8243; _builder_version=\u00bb4.16&#8243; custom_padding=\u00bb|||\u00bb global_colors_info=\u00bb{}\u00bb custom_padding__hover=\u00bb|||\u00bb][et_pb_text admin_label=\u00bbcriterios\u00bb _builder_version=\u00bb4.16&#8243; text_font=\u00bb|300|||||||\u00bb text_text_color=\u00bb#e02b20&#8243; text_font_size=\u00bb29px\u00bb header_2_font=\u00bbLato|300|||||||\u00bb header_2_font_size=\u00bb32px\u00bb custom_margin=\u00bb|||\u00bb custom_padding=\u00bb||15px|\u00bb global_colors_info=\u00bb{}\u00bb]<\/p>\n<h2 style=\"text-align: center\">Criterios de Evaluaci\u00f3n<\/h2>\n<p>[\/et_pb_text][\/et_pb_column][\/et_pb_row][et_pb_row column_structure=\u00bb1_4,1_4,1_4,1_4&#8243; _builder_version=\u00bb4.16&#8243; background_size=\u00bbinitial\u00bb background_position=\u00bbtop_left\u00bb background_repeat=\u00bbrepeat\u00bb global_colors_info=\u00bb{}\u00bb][et_pb_column type=\u00bb1_4&#8243; _builder_version=\u00bb4.16&#8243; custom_padding=\u00bb|||\u00bb global_colors_info=\u00bb{}\u00bb custom_padding__hover=\u00bb|||\u00bb][et_pb_blurb title=\u00bbCriterios de Calificaci\u00f3n 1\u00ba Desarrollo de Aplicaciones Multiplataforma\u00bb url=\u00bbhttps:\/\/drive.google.com\/drive\/folders\/1mfSfLsLCZ_3RhJX0p7LV6gPjWea-NwSt?usp=share_link\u00bb use_icon=\u00bbon\u00bb font_icon=\u00bb&#x6c;||divi||400&#8243; image_icon_background_color=\u00bb#ffffff\u00bb icon_placement=\u00bbleft\u00bb image_icon_width=\u00bb35px\u00bb admin_label=\u00bbCriterios 1\u00ba dam(Anuncio)\u00bb _builder_version=\u00bb4.18.0&#8243; header_font_size=\u00bb25&#8243; body_font_size=\u00bb18&#8243; image_icon_custom_padding=\u00bb8px|8px|8px|8px|false|false\u00bb max_width_tablet=\u00bb50px\u00bb border_radii_image=\u00bbon|100%|100%|100%|100%\u00bb border_width_all_image=\u00bb2px\u00bb border_color_all_image=\u00bb#dc001b\u00bb icon_font_size=\u00bb35px\u00bb use_circle=\u00bbon\u00bb use_circle_border=\u00bbon\u00bb circle_color=\u00bb#ffffff\u00bb saved_tabs=\u00bball\u00bb global_colors_info=\u00bb{}\u00bb image_icon_background_color__sticky_enabled=\u00bb#dc001b\u00bb image_icon_background_color__sticky=\u00bb#dc001b\u00bb]<\/p>\n<p><a href=\"https:\/\/drive.google.com\/drive\/folders\/1mfSfLsLCZ_3RhJX0p7LV6gPjWea-NwSt?usp=share_link\">Descarga los criterios de calificaci\u00f3n y correcci\u00f3n de 1\u00ba de Desarrollo de Aplicaciones Multiplataformas<\/a><\/p>\n<p>[\/et_pb_blurb][\/et_pb_column][et_pb_column type=\u00bb1_4&#8243; _builder_version=\u00bb4.16&#8243; custom_padding=\u00bb|||\u00bb global_colors_info=\u00bb{}\u00bb custom_padding__hover=\u00bb|||\u00bb][et_pb_blurb title=\u00bbCriterios de Calificaci\u00f3n 2\u00ba Desarrollo de Aplicaciones Multiplataforma\u00bb url=\u00bbhttps:\/\/drive.google.com\/drive\/folders\/1nH_MXAZgoDdqFCXgXwB6nExWq6QEWZ19?usp=share_link\u00bb use_icon=\u00bbon\u00bb font_icon=\u00bb&#x6c;||divi||400&#8243; image_icon_background_color=\u00bb#ffffff\u00bb icon_placement=\u00bbleft\u00bb image_icon_width=\u00bb35px\u00bb admin_label=\u00bbCriterios 2\u00ba dam(Anuncio)\u00bb _builder_version=\u00bb4.18.0&#8243; header_font_size=\u00bb25&#8243; body_font_size=\u00bb18&#8243; image_icon_custom_padding=\u00bb8px|8px|8px|8px|false|false\u00bb max_width_tablet=\u00bb50px\u00bb border_radii_image=\u00bbon|100%|100%|100%|100%\u00bb border_width_all_image=\u00bb2px\u00bb border_color_all_image=\u00bb#dc001b\u00bb icon_font_size=\u00bb35px\u00bb use_circle=\u00bbon\u00bb use_circle_border=\u00bbon\u00bb circle_color=\u00bb#ffffff\u00bb saved_tabs=\u00bball\u00bb global_colors_info=\u00bb{}\u00bb image_icon_background_color__sticky_enabled=\u00bb#dc001b\u00bb image_icon_background_color__sticky=\u00bb#dc001b\u00bb]<\/p>\n<p><a href=\"https:\/\/drive.google.com\/drive\/folders\/1nH_MXAZgoDdqFCXgXwB6nExWq6QEWZ19?usp=share_link\">Descarga los criterios de calificaci\u00f3n y correcci\u00f3n de 2\u00ba de Desarrollo de Aplicaciones Multiplataformas<\/a><\/p>\n<p>[\/et_pb_blurb][\/et_pb_column][et_pb_column type=\u00bb1_4&#8243; _builder_version=\u00bb4.16&#8243; custom_padding=\u00bb|||\u00bb global_colors_info=\u00bb{}\u00bb custom_padding__hover=\u00bb|||\u00bb][et_pb_blurb title=\u00bbCriterios de Evaluaci\u00f3n, Promoci\u00f3n y Titulaci\u00f3n\u00bb url=\u00bbhttps:\/\/triana.salesianos.edu\/wp-content\/uploads\/2022\/04\/Criterios-etapas-v2.pdf\u00bb use_icon=\u00bbon\u00bb font_icon=\u00bb&#x6c;||divi||400&#8243; image_icon_background_color=\u00bb#ffffff\u00bb icon_placement=\u00bbleft\u00bb image_icon_width=\u00bb35px\u00bb admin_label=\u00bbCriterios Actualizados\u00bb _builder_version=\u00bb4.16&#8243; header_font_size=\u00bb25&#8243; body_font_size=\u00bb18&#8243; image_icon_custom_padding=\u00bb8px|8px|8px|8px|false|false\u00bb max_width_tablet=\u00bb50px\u00bb border_radii_image=\u00bbon|100%|100%|100%|100%\u00bb border_width_all_image=\u00bb2px\u00bb border_color_all_image=\u00bb#dc001b\u00bb icon_font_size=\u00bb35px\u00bb use_circle=\u00bbon\u00bb use_circle_border=\u00bbon\u00bb circle_color=\u00bb#ffffff\u00bb saved_tabs=\u00bball\u00bb global_colors_info=\u00bb{}\u00bb image_icon_background_color__sticky_enabled=\u00bb#dc001b\u00bb image_icon_background_color__sticky=\u00bb#dc001b\u00bb]<\/p>\n<p><a href=\"https:\/\/triana.salesianos.edu\/wp-content\/uploads\/2022\/04\/Criterios-etapas-v2.pdf\">Actualizados seg\u00fan los \u00faltimos cambios de normativa<\/a><\/p>\n<p>[\/et_pb_blurb][\/et_pb_column][et_pb_column type=\u00bb1_4&#8243; _builder_version=\u00bb4.16&#8243; custom_padding=\u00bb|||\u00bb global_colors_info=\u00bb{}\u00bb custom_padding__hover=\u00bb|||\u00bb][\/et_pb_column][\/et_pb_row][\/et_pb_section][et_pb_section fb_built=\u00bb1&#8243; disabled_on=\u00bbon|on|on\u00bb admin_label=\u00bbequipo docente\u00bb module_class=\u00bbpagina-seccion-contenido\u00bb _builder_version=\u00bb4.16&#8243; use_background_color_gradient=\u00bbon\u00bb background_color_gradient_stops=\u00bb#ffffff 0%|#efefef 100%\u00bb background_color_gradient_start=\u00bb#ffffff\u00bb background_color_gradient_end=\u00bb#efefef\u00bb top_divider_color=\u00bb#ffffff\u00bb top_divider_height=\u00bb30px\u00bb bottom_divider_style=\u00bbwave2&#8243; bottom_divider_color=\u00bb#ffffff\u00bb bottom_divider_height=\u00bb50px\u00bb transparent_background=\u00bboff\u00bb make_fullwidth=\u00bboff\u00bb use_custom_width=\u00bboff\u00bb width_unit=\u00bbon\u00bb disabled=\u00bbon\u00bb locked=\u00bboff\u00bb collapsed=\u00bboff\u00bb global_colors_info=\u00bb{}\u00bb][et_pb_row _builder_version=\u00bb4.16&#8243; locked=\u00bboff\u00bb global_colors_info=\u00bb{}\u00bb][et_pb_column type=\u00bb4_4&#8243; _builder_version=\u00bb4.16&#8243; custom_padding=\u00bb|||\u00bb global_colors_info=\u00bb{}\u00bb custom_padding__hover=\u00bb|||\u00bb][et_pb_text admin_label=\u00bbequipo\u00bb _builder_version=\u00bb4.16&#8243; text_font=\u00bb|300|||||||\u00bb text_text_color=\u00bb#e02b20&#8243; text_font_size=\u00bb29px\u00bb header_2_font=\u00bbLato|300|||||||\u00bb header_2_font_size=\u00bb32px\u00bb custom_margin=\u00bb|||\u00bb custom_padding=\u00bb||15px|\u00bb global_colors_info=\u00bb{}\u00bb]<\/p>\n<h2 style=\"text-align: center;\">Equipo Docente<\/h2>\n<p>[\/et_pb_text][\/et_pb_column][\/et_pb_row][et_pb_row column_structure=\u00bb1_4,1_4,1_4,1_4&#8243; _builder_version=\u00bb4.16&#8243; background_size=\u00bbinitial\u00bb background_position=\u00bbtop_left\u00bb background_repeat=\u00bbrepeat\u00bb global_colors_info=\u00bb{}\u00bb][et_pb_column type=\u00bb1_4&#8243; _builder_version=\u00bb4.16&#8243; custom_padding=\u00bb|||\u00bb global_colors_info=\u00bb{}\u00bb custom_padding__hover=\u00bb|||\u00bb][et_pb_team_member name=\u00bbLuis Miguel L\u00f3pez Maga\u00f1a\u00bb position=\u00bbCoordinador de Seminario. Ingeniero Inform\u00e1tico\u00bb image_url=\u00bbhttps:\/\/triana.salesianos.edu\/colegio\/wp-content\/uploads\/sites\/2\/2019\/10\/IMG_20191024_125514_454-e1571915264967.jpg\u00bb _builder_version=\u00bb4.16&#8243; _module_preset=\u00bbdefault\u00bb global_colors_info=\u00bb{}\u00bb][\/et_pb_team_member][\/et_pb_column][et_pb_column type=\u00bb1_4&#8243; _builder_version=\u00bb4.16&#8243; custom_padding=\u00bb|||\u00bb global_colors_info=\u00bb{}\u00bb custom_padding__hover=\u00bb|||\u00bb][et_pb_team_member name=\u00bbMiguel Campos Rivera\u00bb position=\u00bbIngeniero Inform\u00e1tico\u00bb image_url=\u00bbhttps:\/\/triana.salesianos.edu\/colegio\/wp-content\/uploads\/sites\/2\/2019\/10\/IMG_20191024_124759_107-e1571915312778.jpg\u00bb _builder_version=\u00bb4.16&#8243; _module_preset=\u00bbdefault\u00bb global_colors_info=\u00bb{}\u00bb][\/et_pb_team_member][\/et_pb_column][et_pb_column type=\u00bb1_4&#8243; _builder_version=\u00bb4.16&#8243; custom_padding=\u00bb|||\u00bb global_colors_info=\u00bb{}\u00bb custom_padding__hover=\u00bb|||\u00bb][et_pb_team_member name=\u00bb\u00c1ngel Naranjo Gonz\u00e1lez\u00bb position=\u00bbLicenciado en F\u00edsica\u00bb image_url=\u00bbhttps:\/\/triana.salesianos.edu\/colegio\/wp-content\/uploads\/sites\/2\/2021\/02\/Angel-Naranjo-JE-Ciclos.jpeg\u00bb _builder_version=\u00bb4.16&#8243; _module_preset=\u00bbdefault\u00bb global_colors_info=\u00bb{}\u00bb][\/et_pb_team_member][\/et_pb_column][et_pb_column type=\u00bb1_4&#8243; _builder_version=\u00bb4.16&#8243; custom_padding=\u00bb|||\u00bb global_colors_info=\u00bb{}\u00bb custom_padding__hover=\u00bb|||\u00bb][et_pb_team_member name=\u00bbRafael Villar Li\u00f1\u00e1n\u00bb position=\u00bbIngeniero de Telecomunicaci\u00f3n\u00bb image_url=\u00bbhttps:\/\/triana.salesianos.edu\/colegio\/wp-content\/uploads\/sites\/2\/2019\/10\/miFoto_r.jpg\u00bb _builder_version=\u00bb4.16&#8243; _module_preset=\u00bbdefault\u00bb global_colors_info=\u00bb{}\u00bb][\/et_pb_team_member][\/et_pb_column][\/et_pb_row][\/et_pb_section]<\/p>\n","protected":false},"excerpt":{"rendered":"<p>CFGS Desarrollo de Aplicaciones MultiplataformaCICLO DE GRADO SUPERIOR EN TRIANA Vivimos un gran despliegue de nuevos dispositivos personales y de telefon\u00eda m\u00f3vil con acceso a internet, nuevas soluciones en el \u00e1mbito del Cloud Computing y la convergencia de redes de comunicaciones, que hacen que el acceso a todo tipo de informaci\u00f3n y aplicaciones, a la [&hellip;]<\/p>\n","protected":false},"author":3,"featured_media":0,"parent":0,"menu_order":0,"comment_status":"closed","ping_status":"closed","template":"","meta":{"_et_pb_use_builder":"on","_et_pb_old_content":"","_et_gb_content_width":"","footnotes":""},"class_list":["post-23137","page","type-page","status-publish","hentry"],"yoast_head":"<!-- This site is optimized with the Yoast SEO plugin v28.3 - https:\/\/yoast.com\/product\/yoast-seo-wordpress\/ -->\n<title>CFGS Desarrollo de Aplicaciones Multiplataforma - Colegio Salesiano San Pedro<\/title>\n<meta name=\"robots\" content=\"index, follow, max-snippet:-1, max-image-preview:large, max-video-preview:-1\" \/>\n<link rel=\"canonical\" href=\"https:\/\/triana.salesianos.edu\/colegio\/cfgs-desarrollo-de-aplicaciones-multiplataforma\/\" \/>\n<meta property=\"og:locale\" content=\"es_ES\" \/>\n<meta property=\"og:type\" content=\"article\" \/>\n<meta property=\"og:title\" content=\"CFGS Desarrollo de Aplicaciones Multiplataforma - Colegio Salesiano San Pedro\" \/>\n<meta property=\"og:description\" content=\"CFGS Desarrollo de Aplicaciones MultiplataformaCICLO DE GRADO SUPERIOR EN TRIANA Vivimos un gran despliegue de nuevos dispositivos personales y de telefon\u00eda m\u00f3vil con acceso a internet, nuevas soluciones en el \u00e1mbito del Cloud Computing y la convergencia de redes de comunicaciones, que hacen que el acceso a todo tipo de informaci\u00f3n y aplicaciones, a la [&hellip;]\" \/>\n<meta property=\"og:url\" content=\"https:\/\/triana.salesianos.edu\/colegio\/cfgs-desarrollo-de-aplicaciones-multiplataforma\/\" \/>\n<meta property=\"og:site_name\" content=\"Colegio Salesiano San Pedro\" \/>\n<meta property=\"article:modified_time\" content=\"2026-03-26T12:25:44+00:00\" \/>\n<meta name=\"twitter:card\" content=\"summary_large_image\" \/>\n<meta name=\"twitter:label1\" content=\"Tiempo de lectura\" \/>\n\t<meta name=\"twitter:data1\" content=\"8 minutos\" \/>\n<script type=\"application\/ld+json\" class=\"yoast-schema-graph\">{\"@context\":\"https:\\\/\\\/schema.org\",\"@graph\":[{\"@type\":\"WebPage\",\"@id\":\"https:\\\/\\\/triana.salesianos.edu\\\/colegio\\\/cfgs-desarrollo-de-aplicaciones-multiplataforma\\\/\",\"url\":\"https:\\\/\\\/triana.salesianos.edu\\\/colegio\\\/cfgs-desarrollo-de-aplicaciones-multiplataforma\\\/\",\"name\":\"CFGS Desarrollo de Aplicaciones Multiplataforma - Colegio Salesiano San Pedro\",\"isPartOf\":{\"@id\":\"https:\\\/\\\/triana.salesianos.edu\\\/colegio\\\/#website\"},\"datePublished\":\"2021-06-02T09:59:42+00:00\",\"dateModified\":\"2026-03-26T12:25:44+00:00\",\"breadcrumb\":{\"@id\":\"https:\\\/\\\/triana.salesianos.edu\\\/colegio\\\/cfgs-desarrollo-de-aplicaciones-multiplataforma\\\/#breadcrumb\"},\"inLanguage\":\"es\",\"potentialAction\":[{\"@type\":\"ReadAction\",\"target\":[\"https:\\\/\\\/triana.salesianos.edu\\\/colegio\\\/cfgs-desarrollo-de-aplicaciones-multiplataforma\\\/\"]}]},{\"@type\":\"BreadcrumbList\",\"@id\":\"https:\\\/\\\/triana.salesianos.edu\\\/colegio\\\/cfgs-desarrollo-de-aplicaciones-multiplataforma\\\/#breadcrumb\",\"itemListElement\":[{\"@type\":\"ListItem\",\"position\":1,\"name\":\"Portada\",\"item\":\"https:\\\/\\\/triana.salesianos.edu\\\/colegio\\\/\"},{\"@type\":\"ListItem\",\"position\":2,\"name\":\"CFGS Desarrollo de Aplicaciones Multiplataforma\"}]},{\"@type\":\"WebSite\",\"@id\":\"https:\\\/\\\/triana.salesianos.edu\\\/colegio\\\/#website\",\"url\":\"https:\\\/\\\/triana.salesianos.edu\\\/colegio\\\/\",\"name\":\"Colegio Salesiano San Pedro\",\"description\":\"P\u00e1gina oficial Salesianos Triana Sevilla\",\"potentialAction\":[{\"@type\":\"SearchAction\",\"target\":{\"@type\":\"EntryPoint\",\"urlTemplate\":\"https:\\\/\\\/triana.salesianos.edu\\\/colegio\\\/?s={search_term_string}\"},\"query-input\":{\"@type\":\"PropertyValueSpecification\",\"valueRequired\":true,\"valueName\":\"search_term_string\"}}],\"inLanguage\":\"es\"}]}<\/script>\n<!-- \/ Yoast SEO plugin. -->","yoast_head_json":{"title":"CFGS Desarrollo de Aplicaciones Multiplataforma - Colegio Salesiano San Pedro","robots":{"index":"index","follow":"follow","max-snippet":"max-snippet:-1","max-image-preview":"max-image-preview:large","max-video-preview":"max-video-preview:-1"},"canonical":"https:\/\/triana.salesianos.edu\/colegio\/cfgs-desarrollo-de-aplicaciones-multiplataforma\/","og_locale":"es_ES","og_type":"article","og_title":"CFGS Desarrollo de Aplicaciones Multiplataforma - Colegio Salesiano San Pedro","og_description":"CFGS Desarrollo de Aplicaciones MultiplataformaCICLO DE GRADO SUPERIOR EN TRIANA Vivimos un gran despliegue de nuevos dispositivos personales y de telefon\u00eda m\u00f3vil con acceso a internet, nuevas soluciones en el \u00e1mbito del Cloud Computing y la convergencia de redes de comunicaciones, que hacen que el acceso a todo tipo de informaci\u00f3n y aplicaciones, a la [&hellip;]","og_url":"https:\/\/triana.salesianos.edu\/colegio\/cfgs-desarrollo-de-aplicaciones-multiplataforma\/","og_site_name":"Colegio Salesiano San Pedro","article_modified_time":"2026-03-26T12:25:44+00:00","twitter_card":"summary_large_image","twitter_misc":{"Tiempo de lectura":"8 minutos"},"schema":{"@context":"https:\/\/schema.org","@graph":[{"@type":"WebPage","@id":"https:\/\/triana.salesianos.edu\/colegio\/cfgs-desarrollo-de-aplicaciones-multiplataforma\/","url":"https:\/\/triana.salesianos.edu\/colegio\/cfgs-desarrollo-de-aplicaciones-multiplataforma\/","name":"CFGS Desarrollo de Aplicaciones Multiplataforma - Colegio Salesiano San Pedro","isPartOf":{"@id":"https:\/\/triana.salesianos.edu\/colegio\/#website"},"datePublished":"2021-06-02T09:59:42+00:00","dateModified":"2026-03-26T12:25:44+00:00","breadcrumb":{"@id":"https:\/\/triana.salesianos.edu\/colegio\/cfgs-desarrollo-de-aplicaciones-multiplataforma\/#breadcrumb"},"inLanguage":"es","potentialAction":[{"@type":"ReadAction","target":["https:\/\/triana.salesianos.edu\/colegio\/cfgs-desarrollo-de-aplicaciones-multiplataforma\/"]}]},{"@type":"BreadcrumbList","@id":"https:\/\/triana.salesianos.edu\/colegio\/cfgs-desarrollo-de-aplicaciones-multiplataforma\/#breadcrumb","itemListElement":[{"@type":"ListItem","position":1,"name":"Portada","item":"https:\/\/triana.salesianos.edu\/colegio\/"},{"@type":"ListItem","position":2,"name":"CFGS Desarrollo de Aplicaciones Multiplataforma"}]},{"@type":"WebSite","@id":"https:\/\/triana.salesianos.edu\/colegio\/#website","url":"https:\/\/triana.salesianos.edu\/colegio\/","name":"Colegio Salesiano San Pedro","description":"P\u00e1gina oficial Salesianos Triana Sevilla","potentialAction":[{"@type":"SearchAction","target":{"@type":"EntryPoint","urlTemplate":"https:\/\/triana.salesianos.edu\/colegio\/?s={search_term_string}"},"query-input":{"@type":"PropertyValueSpecification","valueRequired":true,"valueName":"search_term_string"}}],"inLanguage":"es"}]}},"_links":{"self":[{"href":"https:\/\/triana.salesianos.edu\/colegio\/wp-json\/wp\/v2\/pages\/23137","targetHints":{"allow":["GET"]}}],"collection":[{"href":"https:\/\/triana.salesianos.edu\/colegio\/wp-json\/wp\/v2\/pages"}],"about":[{"href":"https:\/\/triana.salesianos.edu\/colegio\/wp-json\/wp\/v2\/types\/page"}],"author":[{"embeddable":true,"href":"https:\/\/triana.salesianos.edu\/colegio\/wp-json\/wp\/v2\/users\/3"}],"replies":[{"embeddable":true,"href":"https:\/\/triana.salesianos.edu\/colegio\/wp-json\/wp\/v2\/comments?post=23137"}],"version-history":[{"count":20,"href":"https:\/\/triana.salesianos.edu\/colegio\/wp-json\/wp\/v2\/pages\/23137\/revisions"}],"predecessor-version":[{"id":25313,"href":"https:\/\/triana.salesianos.edu\/colegio\/wp-json\/wp\/v2\/pages\/23137\/revisions\/25313"}],"wp:attachment":[{"href":"https:\/\/triana.salesianos.edu\/colegio\/wp-json\/wp\/v2\/media?parent=23137"}],"curies":[{"name":"wp","href":"https:\/\/api.w.org\/{rel}","templated":true}]}}